{"id":117,"date":"2023-08-01T18:17:34","date_gmt":"2023-08-01T18:17:34","guid":{"rendered":"https:\/\/aibusinessconsulting.hu\/?page_id=117"},"modified":"2023-08-01T18:27:53","modified_gmt":"2023-08-01T18:27:53","slug":"aszf","status":"publish","type":"page","link":"https:\/\/aibusinessconsulting.hu\/index.php\/aszf\/","title":{"rendered":"\u00c1SZF"},"content":{"rendered":"<p>[et_pb_section fb_built=&#8221;1&#8243; theme_builder_area=&#8221;post_content&#8221; _builder_version=&#8221;4.21.0&#8243; _module_preset=&#8221;default&#8221;][et_pb_row _builder_version=&#8221;4.21.0&#8243; _module_preset=&#8221;default&#8221; theme_builder_area=&#8221;post_content&#8221;][et_pb_column _builder_version=&#8221;4.21.0&#8243; _module_preset=&#8221;default&#8221; type=&#8221;4_4&#8243; theme_builder_area=&#8221;post_content&#8221;][et_pb_text _builder_version=&#8221;4.21.0&#8243; _module_preset=&#8221;default&#8221; theme_builder_area=&#8221;post_content&#8221; hover_enabled=&#8221;0&#8243; sticky_enabled=&#8221;0&#8243;]<\/p>\n<h1><b>\u00c1ltal\u00e1nos Szolg\u00e1ltat\u00e1si Felt\u00e9telek<\/b><\/h1>\n<p><span style=\"font-weight: 400;\">A Artificial Intelligence Business Consulting Kft. (sz\u00e9khely: 1118 Budapest, Minerva utca 2. A. \u00e9p.; c\u00e9gjegyz\u00e9ksz\u00e1m: 01-09-419006; \u201e<\/span><b>Szolg\u00e1ltat\u00f3<\/b><span style=\"font-weight: 400;\">\u201d) 2023. j\u00falius 31. napj\u00e1t\u00f3l kezd\u0151d\u0151en ebben a dokumentumban adja k\u00f6zre az <\/span><b>\u00c1ltal\u00e1nos Szolg\u00e1ltat\u00e1si Felt\u00e9teleit<\/b><span style=\"font-weight: 400;\">.\u00a0<\/span><\/p>\n<ol>\n<li><b> A Szolg\u00e1ltat\u00f3<\/b><\/li>\n<\/ol>\n<h3><b>1.1 A Szolg\u00e1ltat\u00f3 weboldalai:<\/b><\/h3>\n<p><span style=\"font-weight: 400;\">A https:\/\/aibusinessconsulting.hu\/, valamint az al\u00e1bb felsorolt weboldalakon el\u00e9rhet\u0151 cd, k\u00f6nyv web\u00e1ruh\u00e1zakat a <\/span><b>Szolg\u00e1ltat\u00f3<\/b><span style=\"font-weight: 400;\"> \u00fczemelteti.<\/span><\/p>\n<table>\n<tbody>\n<tr>\n<td>\n<p><b>Weboldalak<\/b><\/p>\n<\/td>\n<td>\n<p><b>Weboldalak<\/b><\/p>\n<\/td>\n<\/tr>\n<tr>\n<td>\n<p><a href=\"https:\/\/akademia.ilovebusiness.hu\/\"><span style=\"font-weight: 400;\">https:\/\/akademia.ilovebusiness.hu\/<\/span><\/a><\/p>\n<\/td>\n<td>\n<p><a href=\"https:\/\/aibusinessconsulting.hu\/\"><span style=\"font-weight: 400;\">https:\/\/aibusinessconsulting.hu\/<\/span><\/a><\/p>\n<\/td>\n<\/tr>\n<\/tbody>\n<\/table>\n<h3><b>1.2 A Szolg\u00e1ltat\u00f3 adatai:<\/b><\/h3>\n<p><span style=\"font-weight: 400;\">K\u00e9pvisel\u0151: <\/span><b>Bahorecz P\u00e9ter<\/b><b><br \/><\/b><span style=\"font-weight: 400;\">Sz\u00e9khely: <\/span><b>1118 Budapest, Minerva utca 2. A.<\/b><b><br \/><\/b><span style=\"font-weight: 400;\">Telefon: <\/span><b>+36(70) 4173926<\/b><b><br \/><\/b><span style=\"font-weight: 400;\">E-mail:<\/span> <b>info@<\/b><b>aibusinessconsulting.hu<\/b><span style=\"font-weight: 400;\"><br \/><\/span><span style=\"font-weight: 400;\">Nyilv\u00e1ntartva: <\/span><b>F\u0151v\u00e1rosi T\u00f6rv\u00e9nysz\u00e9k C\u00e9gb\u00edr\u00f3s\u00e1ga<\/b><b><br \/><\/b><span style=\"font-weight: 400;\">C\u00e9gjegyz\u00e9ksz\u00e1m: <\/span><b>Cg. 01-09-419006<\/b><b><br \/><\/b><span style=\"font-weight: 400;\">Ad\u00f3sz\u00e1m: <\/span><b>14471328-2-17<\/b><b><br \/><\/b><span style=\"font-weight: 400;\">Posta c\u00edm: <\/span><b>1118 Budapest, Minerva utca 2. A.<\/b><b><br \/><\/b><span style=\"font-weight: 400;\">T\u00e1rhely szolg\u00e1ltat\u00f3: <\/span><b>Artificial Intelligence Business Consulting Kft. virtu\u00e1lis mag\u00e1nszerveren<\/b><b><br \/><\/b><span style=\"font-weight: 400;\">Szerver terem szolg\u00e1ltat\u00f3: <\/span><b>T\u00e1rhely.Eu Szolg\u00e1ltat\u00f3 Kft.<\/b><b><br \/><\/b><span style=\"font-weight: 400;\">Szerver terem szolg\u00e1ltat\u00f3 sz\u00e9khelye: <\/span><b>1144 Budapest, Orm\u00e1ns\u00e1g u. 4. X. em. 241.<\/b><b><br \/><\/b><span style=\"font-weight: 400;\">Szerver terem szolg\u00e1ltat\u00f3 e-mail c\u00edme: iroda@tarhely.eu<\/span><\/p>\n<h2><b>2. A szolg\u00e1ltat\u00e1s ig\u00e9nybev\u00e9tele<\/b><\/h2>\n<h3><b>2.1 A megrendel\u00e9sek lead\u00e1sa<\/b><\/h3>\n<p><span style=\"font-weight: 400;\">A megrendel\u00e9sek lead\u00e1sa a Artificial Intelligence Business Consulting Kft. cd sorozat \u00e9s k\u00f6nyv web\u00e1ruh\u00e1zaiban kiz\u00e1r\u00f3lag elektronikus \u00faton lehets\u00e9ges, interneten kereszt\u00fcl az 1.1 pontban felsorolt webc\u00edmek b\u00e1rmelyik\u00e9n, ahol rendel\u00e9si \u0171rlap vagy web\u00e1ruh\u00e1z tal\u00e1lhat\u00f3. Telefonon, faxon, e-mailen, lev\u00e9lben leadott rendel\u00e9seket a Szolg\u00e1ltat\u00f3 nem fogad el. A rendel\u00e9sekkel kapcsolatos t\u00e1j\u00e9koztat\u00e1sokat a Szolg\u00e1ltat\u00f3 szint\u00e9n elektronikus \u00faton k\u00fcldi el a felhaszn\u00e1l\u00f3k r\u00e9sz\u00e9re. A rendel\u00e9s lead\u00e1sa el\u0151tt a felhaszn\u00e1l\u00f3nak lehet\u0151s\u00e9ge van a regisztr\u00e1ci\u00f3kor megadott adatok m\u00f3dos\u00edt\u00e1s\u00e1ra. A megrendel\u00e9s interneten k\u00f6t\u00f6tt, de nem al\u00e1\u00edrt szerz\u0151d\u00e9snek min\u0151s\u00fcl, melynek tartalma archiv\u00e1l\u00e1sra ker\u00fcl \u00e9s ut\u00f3lagosan hozz\u00e1f\u00e9rhet\u0151, visszakereshet\u0151.<\/span><\/p>\n<h3><b>2.2 Ha a megrendelt term\u00e9k nem \u00e1ll rendelkez\u00e9sre<\/b><\/h3>\n<p><span style=\"font-weight: 400;\">Ha a megrendelt term\u00e9k nem \u00e1ll rendelkez\u00e9sre, a Szolg\u00e1ltat\u00f3 a Vev\u0151t err\u0151l halad\u00e9ktalanul t\u00e1j\u00e9koztatja, \u00e9s az esetlegesen interneten el\u0151re kifizetett ellen\u00e9rt\u00e9ket visszautalja a Vev\u0151 r\u00e9sz\u00e9re, a t\u00e1j\u00e9koztat\u00e1st k\u00f6vet\u0151en legk\u00e9s\u0151bb 30 napon bel\u00fcl. E k\u00f6telezetts\u00e9g teljes\u00edt\u00e9se azonban nem mentes\u00edti a Szolg\u00e1ltat\u00f3t az esetleges szerz\u0151d\u00e9sszeg\u00e9s egy\u00e9b k\u00f6vetkezm\u00e9nyei al\u00f3l.<\/span><\/p>\n<h3><b>2.3 A rendel\u00e9s visszaigazol\u00e1sa<\/b><\/h3>\n<p><span style=\"font-weight: 400;\">A Szolg\u00e1ltat\u00f3 a felhaszn\u00e1l\u00f3 megrendel\u00e9s\u00e9nek meg\u00e9rkez\u00e9s\u00e9t elektronikus \u00faton halad\u00e9ktalanul, de legk\u00e9s\u0151bb 48 \u00f3r\u00e1n bel\u00fcl k\u00f6teles visszaigazolni. Amennyiben fenti hat\u00e1rid\u0151ben Szolg\u00e1ltat\u00f3 a megrendel\u00e9st nem igazolja vissza, a felhaszn\u00e1l\u00f3 mentes\u00fcl az aj\u00e1nlati k\u00f6t\u00f6tts\u00e9g al\u00f3l.<\/span><\/p>\n<h3><b>2.4 El\u00e1ll\u00e1s a rendel\u00e9st\u0151l<\/b><\/h3>\n<p><span style=\"font-weight: 400;\">A leadott rendel\u00e9sekt\u0151l val\u00f3 el\u00e1ll\u00e1si jog gyakorl\u00e1s\u00e1ra vonatkoz\u00f3 t\u00f6rv\u00e9nyi szab\u00e1lyoz\u00e1st a <\/span><a href=\"https:\/\/net.jogtar.hu\/jogszabaly?docid=a1400045.kor\"><span style=\"font-weight: 400;\">45\/2014. (II. 26.) korm\u00e1nyrendelet<\/span><\/a><span style=\"font-weight: 400;\"> tartalmazza.<\/span><\/p>\n<p><b>2.4.1.<\/b><span style=\"font-weight: 400;\"> A 45\/2014. (II. 26.) Korm. rendelet \u00e9rtelm\u00e9ben a fogyaszt\u00f3nak min\u0151s\u00fcl\u0151 v\u00e1s\u00e1rl\u00f3 indokl\u00e1s n\u00e9lk\u00fcl el\u00e1llhat a v\u00e1s\u00e1rl\u00e1st\u00f3l a k\u00e9zhezv\u00e9telt\u0151l sz\u00e1m\u00edtott 14 munkanapon bel\u00fcl.<\/span><\/p>\n<p><b>2.4.2.<\/b><span style=\"font-weight: 400;\"> K\u00e9zhezv\u00e9tel alatt h\u00e1zhoz sz\u00e1ll\u00edt\u00e1s eset\u00e9n a fut\u00e1rt\u00f3l val\u00f3 \u00e1tv\u00e9tel napja \u00e9rtend\u0151.\u00a0<\/span><\/p>\n<p><b>2.4.3.<\/b><span style=\"font-weight: 400;\"> A visszat\u00e9r\u00edt\u00e9s \u00e9rv\u00e9nyes a sz\u00e1ll\u00edt\u00e1si k\u00f6lts\u00e9gre is, amennyiben azt Vev\u0151 fizette.\u00a0<\/span><\/p>\n<p><b>2.4.4.<\/b><span style=\"font-weight: 400;\"> A term\u00e9keket csak s\u00e9rtetlen \u00e1llapotban a sz\u00e1mla, vagy annak m\u00e1solata ellen\u00e9ben \u00e1ll m\u00f3dunkban visszavenni.<\/span><\/p>\n<p><b>2.4.5.<\/b><span style=\"font-weight: 400;\"> Az el\u00e1ll\u00e1s joga nem gyakorolhat\u00f3 olyan \u00e1ru \u00e9rt\u00e9kes\u00edt\u00e9se eset\u00e9ben, amely a fogyaszt\u00f3 szem\u00e9ly\u00e9hez k\u00f6t\u00f6tt, illetve amelyet a fogyaszt\u00f3 utas\u00edt\u00e1sai alapj\u00e1n vagy kifejezett k\u00e9r\u00e9s\u00e9re \u00e1ll\u00edtottak el\u0151, vagy amely term\u00e9szet\u00e9n\u00e9l fogva nem szolg\u00e1ltathat\u00f3 vissza, valamint, ha a term\u00e9k csomagol\u00e1s\u00e1t a Megrendel\u0151 felbontotta.\u00a0<\/span><\/p>\n<p><b>2.4.6.<\/b><span style=\"font-weight: 400;\"> Abban az esetben, ha a term\u00e9ket a Vev\u0151 haszn\u00e1latba vette, \u00e9s nem tudja s\u00e9r\u00fcl\u00e9smentesen c\u00e9g\u00fcnk r\u00e9sz\u00e9re visszajuttatni, nem v\u00e1llaljuk a term\u00e9k visszav\u00e1s\u00e1rl\u00e1s\u00e1t.\u00a0<\/span><\/p>\n<p><b>2.4.7.<\/b><span style=\"font-weight: 400;\"> A s\u00e9rtetlen term\u00e9k visszak\u00fcld\u00e9s\u00e9nek k\u00f6lts\u00e9ge a Megrendel\u0151t terheli. Az ut\u00e1nv\u00e9ttel k\u00fcld\u00f6tt csomagokat nem \u00e1ll m\u00f3dunkban \u00e1tvenni.<\/span><\/p>\n<p><b>2.4.8.<\/b><span style=\"font-weight: 400;\"> A s\u00e9rtetlen term\u00e9ket a sz\u00e1ml\u00e1val vagy annak m\u00e1solat\u00e1val a Vev\u0151 a saj\u00e1t k\u00f6lts\u00e9g\u00e9n k\u00fcldi vissza a Szolg\u00e1ltat\u00f3 c\u00edm\u00e9re. Jogszer\u0171 el\u00e1ll\u00e1s eset\u00e9n a Szolg\u00e1ltat\u00f3 k\u00f6teles 30 napon bel\u00fcl visszat\u00e9r\u00edteni Vev\u0151nek a v\u00e9tel\u00e1rat. El\u00e1ll\u00e1s eset\u00e9n a Vev\u0151t kiz\u00e1r\u00f3lag a term\u00e9k visszak\u00fcld\u00e9s\u00e9nek k\u00f6lts\u00e9ge terheli.<\/span><\/p>\n<p><b>2.4.9.<\/b> <span style=\"font-weight: 400;\">*<\/span><span style=\"font-weight: 400;\"> A szem\u00e9lyes k\u00e9pz\u00e9sek \u00e9s\u00a0 coaching, stb. szolg\u00e1ltat\u00e1s eset\u00e9n a \u00dcgyfelet az el\u00e1ll\u00e1s joga a szolg\u00e1ltat\u00e1s els\u0151 napj\u00e1nak els\u0151 \u00f3r\u00e1j\u00e1ban illeti meg. Ha eddig a pillanatig az \u00dcgyf\u00e9l nyilatkozik arr\u00f3l, hogy ezt a szolg\u00e1ltat\u00e1st nem szeretn\u00e9 ig\u00e9nybe venni, akkor visszak\u00e9rheti a p\u00e9nz\u00e9t, \u00e9s a Szolg\u00e1ltat\u00f3 30 napon bel\u00fcl visszautalja a szolg\u00e1ltat\u00e1s befizetett d\u00edj\u00e1t az \u00dcgyf\u00e9l banksz\u00e1ml\u00e1j\u00e1ra. Az els\u0151 nap els\u0151 \u00f3r\u00e1ja befejez\u00e9se ut\u00e1n az \u00dcgyf\u00e9l a p\u00e9nz\u00e9t m\u00e1r nem k\u00e9rheti vissza m\u00e9g abban az esetben sem, ha net\u00e1n az \u00dcgyf\u00e9l t\u00e1vozna a szolg\u00e1ltat\u00e1s helysz\u00edn\u00e9r\u0151l. Az els\u0151 nap eb\u00e9dsz\u00fcnete ut\u00e1n a szolg\u00e1ltat\u00e1s ilyen esetben is teljes\u00edtettnek min\u0151s\u00fcl.<\/span><span style=\"font-weight: 400;\"><br \/><\/span><span style=\"font-weight: 400;\">A t\u00f6bbi (itt esetleg k\u00fcl\u00f6n fel nem sorolt) szolg\u00e1ltat\u00e1s eset\u00e9ben is az els\u0151 nap els\u0151 sz\u00fcnet\u00e9nek megkezd\u00e9s\u00e9ig illeti meg az \u00dcgyfelet az el\u00e1ll\u00e1s joga, \u00e9s ha t\u00e1vozni k\u00edv\u00e1n, akkor a fentiek szerint j\u00e1runk el. Az els\u0151 nap els\u0151 sz\u00fcnet\u00e9nek befejez\u00e9se ut\u00e1n az \u00dcgyf\u00e9l a p\u00e9nz\u00e9t m\u00e1r nem k\u00e9rheti vissza m\u00e9g abban az esetben sem, ha net\u00e1n az \u00dcgyf\u00e9l t\u00e1vozna a szolg\u00e1ltat\u00e1s helysz\u00edn\u00e9r\u0151l. Az els\u0151 nap els\u0151 sz\u00fcnete ut\u00e1n a szolg\u00e1ltat\u00e1s ilyen esetben is teljes\u00edtettnek min\u0151s\u00fcl.<\/span><\/p>\n<p><b>2.4.10.<\/b> <span style=\"font-weight: 400;\">*<\/span><span style=\"font-weight: 400;\"> A \u00dcgyfelet nem illeti meg az el\u00e1ll\u00e1s joga szolg\u00e1ltat\u00e1s rendel\u00e9s eset\u00e9n csup\u00e1n az\u00e9rt, mert a meghirdetett tr\u00e9ninget, szolg\u00e1ltat\u00e1st nem Bahorecz P\u00e9ter szem\u00e9lyesen tartja. Ha Bahorecz P\u00e9ter valamilyen k\u00fclf\u00f6ldi elfoglalts\u00e1ga miatt nem tudna jelen lenni, akkor a tr\u00e9ninget, szolg\u00e1ltat\u00e1st egy Bahorecz P\u00e9ter \u00e1ltal kik\u00e9pzett Tr\u00e9ner tartja, aki teljes m\u00e9rt\u00e9kben k\u00e9pes arra, hogy Bahorecz P\u00e9tert helyettes\u00edtse.<\/span><\/p>\n<p><b>2.4.11.<\/b> <span style=\"font-weight: 400;\">*<\/span> <b>Halaszt\u00e1s:<\/b><span style=\"font-weight: 400;\"> Amennyiben az \u00dcgyf\u00e9l, komoly indokkal nem tud r\u00e9szt venni a szolg\u00e1ltat\u00e1son, abban az id\u0151pontban, amire eredetileg jelentkezett, halaszt\u00e1si k\u00e9relm\u00e9t \u00edr\u00e1sban k\u00f6teles eljuttatni a Szolg\u00e1ltat\u00f3hoz. Halaszt\u00e1s eset\u00e9n az \u00dcgyf\u00e9l a befizetett szolg\u00e1ltat\u00e1si d\u00edjat a befizet\u00e9s\/\u00e1tutal\u00e1s id\u0151pontj\u00e1t\u00f3l sz\u00e1m\u00edtott 1 \u00e9ven bel\u00fcl szabadon felhaszn\u00e1lhatja a Szolg\u00e1ltat\u00f3val egyeztett \u00faj id\u0151pontban. Az 1 \u00e9v jogveszt\u0151 hat\u00e1s\u00fa. Teh\u00e1t amennyiben az \u00dcgyf\u00e9l 1 \u00e9ven bel\u00fcl nem haszn\u00e1lja fel a halasztott r\u00e9szv\u00e9teli lehet\u0151s\u00e9get, a befizetett szolg\u00e1ltat\u00e1s d\u00edjat elvesz\u00edti, \u00e9s a Szolg\u00e1ltat\u00f3 valamint az \u00dcgyf\u00e9l k\u00f6z\u00f6tt a jelentkez\u00e9skor l\u00e9trej\u00f6tt szerz\u0151d\u00e9s automatikusan \u00e9rv\u00e9ny\u00e9t \u00e9s hat\u00e1ly\u00e1t veszti. Amennyiben ezt az \u00dcgyf\u00e9l \u00edr\u00e1sban k\u00e9ri, az 1 \u00e9ves hat\u00e1rid\u0151n bel\u00fcl a halaszt\u00e1s mellett van lehet\u0151s\u00e9ge a befizetett, de fel nem haszn\u00e1lt szolg\u00e1ltat\u00e1si d\u00edjat visszak\u00e9rni. Ez esetben egy m\u00ednusz \u00f6sszeget tartalmaz\u00f3 sz\u00e1mla kibocs\u00e1t\u00e1s\u00e1val egy\u00fctt az eredeti megrendel\u0151nek visszafizetj\u00fck a befizetett \u00f6sszeget a k\u00e9relem be\u00e9rkez\u00e9s\u00e9t\u0151l sz\u00e1m\u00edtott 30 napon bel\u00fcl.<\/span><\/p>\n<p><b>2.4.12.<\/b> <span style=\"font-weight: 400;\">*<\/span> <b>Vis Maior esetek:<\/b><span style=\"font-weight: 400;\"> Az \u00fcgyfelet nem illeti meg az el\u00e1ll\u00e1s joga, \u00e9s \u00edgy p\u00e9nzvisszat\u00e9r\u00edt\u00e9si ig\u00e9nnyel sem l\u00e9phet fel Szolg\u00e1ltat\u00f3 fel\u00e9, ha a meghirdetett tr\u00e9ning vagy szolg\u00e1ltat\u00e1s a meghirdet\u00e9s id\u0151pontj\u00e1ban m\u00e9g el\u0151re nem l\u00e1that\u00f3, Vis Maior<\/span><span style=\"font-weight: 400;\">*<\/span><span style=\"font-weight: 400;\"> kateg\u00f3ri\u00e1ba tartoz\u00f3 esem\u00e9ny, illetve kapcsol\u00f3d\u00f3 hat\u00f3s\u00e1gi korl\u00e1toz\u00e1s (pl. kij\u00e1r\u00e1si tilalom) miatt marad el, vagy halaszt\u00f3dik k\u00e9s\u0151bbi id\u0151pontra. Ha ilyen, Vis Maior eset k\u00f6vetkezne be, akkor Szolg\u00e1ltat\u00f3 mindet meg fog tenni a szolg\u00e1ltat\u00e1s alternat\u00edv form\u00e1ban (online, z\u00e1rt csatorna, stb.) t\u00f6rt\u00e9n\u0151 fenntart\u00e1sa \u00e9rdek\u00e9ben.<\/span><span style=\"font-weight: 400;\"><br \/><\/span><span style=\"font-weight: 400;\">*A Vis Maior tipikus esetei term\u00e9szeti katasztr\u00f3f\u00e1k (f\u00f6ldreng\u00e9s, t\u0171zv\u00e9sz, j\u00e1rv\u00e1ny, asz\u00e1ly, fagyk\u00e1r, \u00e1rv\u00edz, sz\u00e9lvihar, vill\u00e1mcsap\u00e1s stb.), tov\u00e1bb\u00e1 bizonyos politikai-t\u00e1rsadalmi esem\u00e9nyek (pl. h\u00e1bor\u00fa, forradalom, felkel\u00e9s, szabot\u00e1zs). A Vis Maior els\u0151dleges jellemz\u0151je, hogy k\u00edv\u00fcl van a Szolg\u00e1ltat\u00f3 hat\u00f3k\u00f6r\u00e9n, \u00e9s olyan t\u00edpus\u00fa korl\u00e1toz\u00e1st jelent, ami a hat\u00e1lyos rendeletek \u00e9s t\u00f6rv\u00e9nyek betart\u00e1sa mellett lehetetlenn\u00e9 teszi a meg\u00edg\u00e9rt szolg\u00e1ltat\u00e1s \u00edg\u00e9rt id\u0151pontban t\u00f6rt\u00e9n\u0151 ny\u00fajt\u00e1s\u00e1t.<\/span><\/p>\n<h3><b>2.5 Szavatoss\u00e1g \u00e9s j\u00f3t\u00e1ll\u00e1s<\/b><\/h3>\n<p><span style=\"font-weight: 400;\">A Szolg\u00e1ltat\u00f3, mint elad\u00f3 szavatoss\u00e1gi \u00e9s j\u00f3t\u00e1ll\u00e1si felel\u0151ss\u00e9g\u00e9re a Ptk-ban \u00e9s a 49\/2003. (VII.30.) GKM rendeletben foglaltak az ir\u00e1nyad\u00f3ak.<\/span><\/p>\n<h3><b>2.6 Hib\u00e1s vagy s\u00e9r\u00fclt term\u00e9k cser\u00e9je<\/b><\/h3>\n<p><span style=\"font-weight: 400;\">Ha a megrendelt \u00e1rucikk hib\u00e1s, esetleg a sz\u00e1ll\u00edt\u00e1s sor\u00e1n megs\u00e9r\u00fclt, akkor azt Szolg\u00e1ltat\u00f3 d\u00edjmentesen kicser\u00e9li. Amennyiben a cser\u00e9re nincs m\u00f3d, a Vev\u0151 v\u00e1laszt\u00e1sa szerint \u00e1rengedm\u00e9nyt kaphat vagy el\u00e1llhat a v\u00e1s\u00e1rl\u00e1st\u00f3l.<\/span><\/p>\n<h3><b>2.7 A weboldalakon felt\u00fcntetett adatok<\/b><\/h3>\n<p><span style=\"font-weight: 400;\">A Artificial Intelligence Business Consulting Kft. megtesz mindent az\u00e9rt, hogy az 1.1 pontban felsorolt weboldalon megjelen\u0151 adatok (term\u00e9kek \u00e1ra, el\u00e9rhet\u0151s\u00e9ge, le\u00edr\u00e1sa stb.) a lehet\u0151 legpontosabbak legyenek. Az esetlegesen el\u0151fordul\u00f3 hib\u00e1k\u00e9rt a Szolg\u00e1ltat\u00f3 felel\u0151ss\u00e9g\u00e9re a 145\/2014. (II. 26.) korm\u00e1nyrendeletben \u00e9s a Ptk.-ban r\u00f6gz\u00edtett rendelkez\u00e9sek ir\u00e1nyad\u00f3ak.<\/span><\/p>\n<h3><b>2.8 Hib\u00e1s visszaigazol\u00e1s eset\u00e9n<\/b><\/h3>\n<p><span style=\"font-weight: 400;\">Amennyiben rendszerhiba miatt valamely term\u00e9k \u00e1ra hib\u00e1san jelenik meg a weboldalon, vagy a megrendel\u00e9s visszaigazol\u00e1s\u00e1ban hib\u00e1san szerepel, \u00fagy Szolg\u00e1ltat\u00f3 \u00e9rtes\u00edti err\u0151l a Vev\u0151t, \u00e9s az ilyen megrendel\u00e9seket semmisnek veszi.<\/span><\/p>\n<h3><b>2.9 A felhaszn\u00e1l\u00f3 felel\u0151ss\u00e9ge<\/b><\/h3>\n<p><span style=\"font-weight: 400;\">A felhaszn\u00e1l\u00f3 teljes k\u00f6r\u0171 felel\u0151ss\u00e9ggel tartozik minden olyan rendel\u00e9s\u00e9rt \u00e9s egy\u00e9b tranzakci\u00f3\u00e9rt, amelynek sor\u00e1n a jelszava felhaszn\u00e1l\u00e1sra ker\u00fclt. Erre val\u00f3 tekintettel k\u00e9rj\u00fck, gondoskodjon jelszava megfelel\u0151 titokban tart\u00e1s\u00e1r\u00f3l. A felhaszn\u00e1l\u00f3 ezen felel\u0151ss\u00e9ge nem \u00e1ll fenn, ha jelszava saj\u00e1t hib\u00e1j\u00e1n k\u00edv\u00fcl ker\u00fclt illet\u00e9ktelen szem\u00e9ly(ek)hez. A Szolg\u00e1ltat\u00f3 nem v\u00e1llal felel\u0151ss\u00e9get a rendel\u00e9s nem teljes\u00edt\u00e9s\u00e9b\u0151l, k\u00e9s\u00e9sb\u0151l, a szolg\u00e1ltat\u00e1s le\u00e1ll\u00e1s\u00e1b\u00f3l ered\u0151, \u00e9s\/vagy az esetleges \u00fczleti vagy mag\u00e1nterm\u00e9szet\u0171 inform\u00e1ci\u00f3k elveszt\u00e9s\u00e9b\u0151l vagy egy\u00e9b anyagi vesztes\u00e9gb\u0151l fakad\u00f3 k\u00e1rok\u00e9rt.<\/span><\/p>\n<h3><b>2.10 Sz\u00e1ll\u00edt\u00e1si d\u00edjak Magyarorsz\u00e1gra \u00e9s k\u00fclf\u00f6ldre<\/b><\/h3>\n<p><span style=\"font-weight: 400;\">A megfoghat\u00f3an sz\u00e1ll\u00edthat\u00f3 term\u00e9kek (k\u00f6nyvek, CD-k, k\u00f6nyv- vagy el\u0151ad\u00e1scsomagok) aktu\u00e1lis sz\u00e1ll\u00edt\u00e1si d\u00edjait a rendel\u00e9si \u0171rlapon felt\u00fcntettt d\u00edjakkal sz\u00e1moljuk. Ha a rendel\u00e9si \u0171rlapon m\u00e1s adat szerepel, akkor az az \u00e9rv\u00e9nyes d\u00edj. \u00c1ltal\u00e1nosan Magyarorsz\u00e1g ter\u00fclet\u00e9n el\u0151refizet\u00e9s eset\u00e9n 1.000 Ft, m\u00edg ut\u00e1nv\u00e9t eset\u00e9n 3.500 Ft a csomagok sz\u00e1ll\u00edt\u00e1si dja 5 db-n\u00e1l kevesebb term\u00e9ket tartalmaz\u00f3 csomagok eset\u00e9n.<\/span><\/p>\n<p><span style=\"font-weight: 400;\">Nem magyarorsz\u00e1gi sz\u00e1ll\u00edt\u00e1si c\u00edmekre rendel\u00e9st csak el\u0151refizet\u00e9s eset\u00e9n fogadunk el, \u00e9s a sz\u00e1ll\u00edt\u00e1si dj\u00ed egys\u00e9gesen 15.000 Ft a vil\u00e1g b\u00e1rmely nem magyarorsz\u00e1gi sz\u00e1ll\u00edt\u00e1si c\u00edm\u00e9re.<\/span><\/p>\n<p><span style=\"font-weight: 400;\">Ha a rendel\u00e9s megfoghat\u00f3an sz\u00e1ll\u00edthat\u00f3 term\u00e9ket nem tartalmaz (csak let\u00f6lthet\u0151 hanganyag a rendel\u00e9s), akkor sz\u00e1ll\u00edt\u00e1si d\u00edjat nem sz\u00e1molunk.<\/span><\/p>\n<h3><b>2.11 <\/b><b>Titoktart\u00e1si k\u00f6telezetts\u00e9g:<\/b><\/h3>\n<p><span style=\"font-weight: 400;\">A Tan\u00e1csad\u00f3 az \u00dcgyf\u00e9l el\u0151zetes \u00edr\u00e1sos beleegyez\u00e9se n\u00e9lk\u00fcl nem k\u00f6z\u00f6lhet semmilyen olyan inform\u00e1ci\u00f3t, adatot vagy egy\u00e9b t\u00e9nyt harmadik szem\u00e9lyek-kel, amely a jelen szerz\u0151d\u00e9s kapcs\u00e1n, a szolg\u00e1ltat\u00e1son r\u00e9sztvev\u0151kkel vagy az \u00dcgyf\u00e9llel kapcsolatban jutott a tudom\u00e1s\u00e1ra.<\/span><\/p>\n<h3><b>2.12 Az \u00dcgyf\u00e9l v\u00e1llalja, hogy:<\/b><\/h3>\n<ul>\n<li style=\"font-weight: 400;\" aria-level=\"1\"><span style=\"font-weight: 400;\">Az egyeztetett id\u0151pontban a szolg\u00e1ltat\u00e1s r\u00e9sztvev\u0151i k\u00e9s\u00e9s n\u00e9lk\u00fcl, pontosan megjelennek, \u00e9s k\u00e9szen \u00e1llnak a szolg\u00e1ltat\u00e1sra.<\/span><\/li>\n<li style=\"font-weight: 400;\" aria-level=\"1\"><span style=\"font-weight: 400;\">Az elej\u00e9t\u0151l a v\u00e9g\u00e9ig, folyamatosan r\u00e9szt vesznek a szolg\u00e1ltat\u00e1son.<\/span><\/li>\n<li style=\"font-weight: 400;\" aria-level=\"1\"><span style=\"font-weight: 400;\">A r\u00e9sztvev\u0151k drogok, nyugtat\u00f3k, altat\u00f3k vagy alkohol hat\u00e1sa n\u00e9lk\u00fcl, kipihenten \u00e9rkeznek a szolg\u00e1ltat\u00e1sra. A szolg\u00e1ltat\u00e1s alatt sem fogyasztj\u00e1k az el\u0151bb eml\u00edtett szereket.<\/span><\/li>\n<li style=\"font-weight: 400;\" aria-level=\"1\"><span style=\"font-weight: 400;\">Objekt\u00edv \u00e9s pontos visszajelz\u00e9st ad a szolg\u00e1ltat\u00e1sr\u00f3l annak \u00e9rdek\u00e9ben, hogy a Tan\u00e1csad\u00f3 min\u00e9l magasabb szinten, lehet\u0151s\u00e9g szerint az egy\u00e9ni ig\u00e9nyeket is figyelembe v\u00e9ve tudja kiszolg\u00e1lni az \u00dcgyfelet.<\/span><\/li>\n<li style=\"font-weight: 400;\" aria-level=\"1\"><span style=\"font-weight: 400;\">El\u0151seg\u00edti a Tan\u00e1csad\u00f3 sz\u00e1m\u00e1ra e szerz\u0151d\u00e9sbeli k\u00f6telezetts\u00e9gei megfelel\u0151, magas szint\u0171 teljes\u00edt\u00e9s\u00e9t, munk\u00e1j\u00e1t semmilyen form\u00e1ban nem akad\u00e1lyozza.<\/span><\/li>\n<li style=\"font-weight: 400;\" aria-level=\"1\"><span style=\"font-weight: 400;\">Hat\u00e1rid\u0151re t\u00e9r\u00edti a Tan\u00e1csad\u00f3 szolg\u00e1ltat\u00e1si d\u00edjr\u00f3l sz\u00f3l\u00f3 sz\u00e1ml\u00e1j\u00e1t.<\/span><\/li>\n<\/ul>\n<h3><b>2.13 A Artificial Intelligence Business Consulting Kft. szolg\u00e1ltat\u00e1sainak besorol\u00e1sa<\/b><\/h3>\n<p><span style=\"font-weight: 400;\">A Artificial Intelligence Business Consulting Kft. szolg\u00e1ltat\u00e1sai \u00e1ltal\u00e1ban nem tartoznak 2013. \u00e9vi LXXVII. t\u00f6rv\u00e9ny a feln\u0151ttk\u00e9pz\u00e9sr\u0151l hat\u00e1lya al\u00e1. A ny\u00fajtott szolg\u00e1ltat\u00e1sok el\u0151tt \u00e9s ut\u00e1n nincs tud\u00e1sfelm\u00e9r\u00e9s (kompetencia-felm\u00e9r\u00e9s), a szolg\u00e1ltat\u00e1s ut\u00e1n nincs vizsga \u00e9s oklevelet sem \u00e1ll\u00edtunk ki. A szolg\u00e1ltat\u00e1saink a TE\u00c1OR 7022 &#8211; \u00dczletviteli, egy\u00e9b vezet\u00e9si tan\u00e1csad\u00e1s besorol\u00e1sa al\u00e1 tartoznak, m\u00edg a 2013. \u00e9vi LXXVII. t\u00f6rv\u00e9ny a feln\u0151ttk\u00e9pz\u00e9sr\u0151l hat\u00e1lya al\u00e1 a TE\u00c1OR 8559 &#8211; M\u00e1shov\u00e1 nem sorolt egy\u00e9b oktat\u00e1s besorol\u00e1s\u00fa k\u00e9pz\u00e9sek tartoznak.<\/span><\/p>\n<h2><b>3. Adatkezel\u00e9si t\u00e1j\u00e9koztat\u00f3<\/b><\/h2>\n<p><span style=\"font-weight: 400;\">A 2023. j\u00fanius 31-t\u0151l hat\u00e1lyos \u00e9s jelenleg is \u00e9rv\u00e9nyes <\/span><b>Adatkezel\u00e9si t\u00e1j\u00e9koztat\u00f3<\/b><span style=\"font-weight: 400;\"> ezen a linken \u00e9rhet\u0151 el:<\/span><b> https:\/\/aibusinessconsulting.hu\/index.php\/aszf\/<\/b><\/p>\n<p><span style=\"font-weight: 400;\">A jelen \u00c1ltal\u00e1nos Szolg\u00e1ltat\u00e1si Felt\u00e9telek elfogad\u00e1s\u00e1val a Vev\u0151 tudom\u00e1sul veszi, hogy a Szolg\u00e1ltat\u00f3 minden olyan esetben kezeli az adatait \u00e9s a szem\u00e9lyes adatait, ahol a Vev\u0151 \u00e9s a Szolg\u00e1ltat\u00f3 k\u00f6z\u00f6tt k\u00f6t\u00f6tt szerz\u0151d\u00e9s teljes\u00edt\u00e9s\u00e9n \u00e9s jogszab\u00e1lyon alapul (kiadv\u00e1ny, k\u00f6nyv CD rendel\u00e9s, szolg\u00e1ltat\u00e1sra, rendezv\u00e9nyre jelentkez\u00e9s) az adatkezel\u00e9s. A Vev\u0151 tudom\u00e1sul veszi, hogy az adatkezel\u00e9s ezen eseteiben neki az adatkezel\u00e9st nem kell elfogadnia, vagy hozz\u00e1j\u00e1rulnia ahhoz, de el\u0151zetesen t\u00e1j\u00e9koztatni kell a Vev\u0151t az adatkezel\u00e9s t\u00e9ny\u00e9r\u0151l. R\u00e9szletes t\u00e1j\u00e9koztat\u00e1s a fenti linken olvashat\u00f3.<\/span><\/p>\n<h2><b>4. A term\u00e9kekr\u0151l<\/b><\/h2>\n<h3><b>4.1 Szolg\u00e1ltat\u00f3 nyilatkozata<\/b><\/h3>\n<p><span style=\"font-weight: 400;\">Az 1.1 pontban felsorolt weboldalakon megrendelhet\u0151 k\u00f6nyveket \u00e9s cd sorozatokat eredeti form\u00e1jukban adjuk k\u00f6zre. A k\u00f6nyvek a szerz\u0151ik megfigyel\u00e9seit \u00e9s kutat\u00e1sait \u00f6r\u00f6k\u00edtik meg, nem pedig a szerz\u0151, a kiad\u00f3, a Artificial Intelligence Business Consulting Kft. vagy b\u00e1rki m\u00e1s \u00edg\u00e9reteit tartalmazz\u00e1k.<\/span><\/p>\n<p><span style=\"font-weight: 400;\">A weboldalakon a k\u00f6nyvekhez, cd soroztokhoz \u00edrt term\u00e9kle\u00edr\u00e1sok az \u00fczemeltet\u0151k saj\u00e1t \u00e9s m\u00e1sok szem\u00e9lyes tapasztalatain alapulnak, \u00e9s semmik\u00e9ppen sem foghat\u00f3k fel \u00edg\u00e9retnek a Szolg\u00e1ltat\u00f3 r\u00e9sz\u00e9r\u0151l. A term\u00e9kekb\u0151l szerezhet\u0151 el\u0151ny\u00f6k megtapasztal\u00e1s\u00e1hoz az egy\u00e9n elk\u00f6telezett r\u00e9szv\u00e9tel\u00e9re van sz\u00fcks\u00e9g, mivel ezek csak a saj\u00e1t er\u0151fesz\u00edt\u00e9sei \u00e1r\u00e1n val\u00f3s\u00edthat\u00f3k meg. \u00c1m mivel ehhez az egy\u00e9n saj\u00e1t er\u0151fesz\u00edt\u00e9se sz\u00fcks\u00e9ges, ez\u00e9rt semmilyen el\u0151nyre nem v\u00e1llal garanci\u00e1t a Szolg\u00e1ltat\u00f3.<\/span><\/p>\n<p><span style=\"font-weight: 400;\">A Vev\u0151 tudom\u00e1sul veszi, hogy semmilyen reklam\u00e1ci\u00f3val, k\u00e1rt\u00e9r\u00edt\u00e9ssel nem \u00e9lhet, amennyiben valamely k\u00f6nyv(ek) megv\u00e1s\u00e1rl\u00e1sa ut\u00e1n nem \u00e9r el javul\u00e1st a saj\u00e1t vagy m\u00e1s(ok) \u00e9let\u00e9ben. Tudom\u00e1sul veszi, hogy a k\u00f6nyvekben tal\u00e1lhat\u00f3 adatok \u00e9s elj\u00e1r\u00e1sok m\u0171k\u00f6d\u0151k\u00e9pess\u00e9ge azon m\u00falik, hogy mennyire k\u00e9pes alkalmazni azokat a saj\u00e1t vagy m\u00e1sok \u00e9let\u00e9re.<\/span><\/p>\n<h3><b>4.2 Ingyenes term\u00e9kek, szolg\u00e1ltat\u00e1sok v\u00e1s\u00e1rl\u00e1sa (let\u00f6lt\u00e9se)<\/b><\/h3>\n<p><span style=\"font-weight: 400;\">A Vev\u0151 tudom\u00e1sul veszi, hogy az ingyenes term\u00e9kek\u00e9rt, szolg\u00e1ltat\u00e1sok\u00e9rt Szolg\u00e1ltat\u00f3 p\u00e9nzt ugyan nem k\u00e9r, de Szolg\u00e1ltat\u00f3 a Vev\u0151 (let\u00f6lt\u0151, r\u00e9sztvev\u0151, stb. tov\u00e1bbiakban &#8222;Ig\u00e9nybe vev\u0151&#8221;) nev\u00e9t, e-mail c\u00edm\u00e9t elk\u00e9ri, \u00e9s Szolg\u00e1ltat\u00f3 ragaszkodik az Ig\u00e9nybe vev\u0151vel a kommunik\u00e1ci\u00f3 lehet\u0151s\u00e9g\u00e9hez cser\u00e9be az ingyenes term\u00e9k\u00e9rt, szolg\u00e1ltat\u00e1s\u00e9rt.<\/span><\/p>\n<p><span style=\"font-weight: 400;\">Amennyiben Vev\u0151 (Ig\u00e9nybe vev\u0151) nem szeretne kommunik\u00e1lni a Szolg\u00e1ltat\u00f3val, vagy nem j\u00e1rul hozz\u00e1 a kapcsolati adatai megad\u00e1s\u00e1hoz, az jelen szerz\u0151d\u00e9sben foglaltak elutas\u00edt\u00e1s\u00e1t jelenti, \u00e9s ez esetben a Vev\u0151 (Ig\u00e9nybe vev\u0151) nem jogosult haszn\u00e1lni az ingyenes term\u00e9k\u00e9keket, szolg\u00e1ltat\u00e1sokat.<\/span><\/p>\n<p><span style=\"font-weight: 400;\">Amennyiben az ingyenes szolg\u00e1ltat\u00e1st (pl. d\u00edjmentes, egy napos lez\u00e1r\u00e1si tr\u00e9ning) a Szolg\u00e1ltat\u00f3 megb\u00edz\u00e1s\u00e1b\u00f3l a Szolg\u00e1ltat\u00f3 szerz\u0151d\u00e9ses Franchise partnere ny\u00fajtja, \u00fagy a Szolg\u00e1ltat\u00f3 a jelen \u00c1SzF alapj\u00e1n jogosult a jelentkez\u00e9si adatokat a szolg\u00e1ltat\u00e1st t\u00e9nylegesen ny\u00fajt\u00f3 franchise partnerek tov\u00e1bb\u00edtani. Az ehhez kapcsol\u00f3d\u00f3 adatkezel\u00e9sr\u0151l b\u0151vebben a regisztr\u00e1ci\u00f3s \u0171rlapot tartalmaz\u00f3 weboldal adatkezel\u00e9si t\u00e1j\u00e9koztat\u00f3j\u00e1ban tal\u00e1l inform\u00e1ci\u00f3t.<\/span><\/p>\n<p><span style=\"font-weight: 400;\">Amennyiben az ingyenes term\u00e9kek, szolg\u00e1ltat\u00e1sok v\u00e1s\u00e1rl\u00e1sa (let\u00f6lt\u00e9se ut\u00e1n) a Vev\u0151 (Ig\u00e9nybe vev\u0151) meggondolja mag\u00e1t, akkor a <\/span><a href=\"https:\/\/negyevszaktrening.hu\/adatkezelesi-tajekoztato\"><span style=\"font-weight: 400;\">3. pontban megadott Adatkezel\u00e9si t\u00e1j\u00e9koztat\u00f3ban<\/span><\/a><span style=\"font-weight: 400;\"> foglaltak szerint az egyes \u00f6nk\u00e9ntes adatkezel\u00e9si c\u00e9lok vonatkoz\u00e1s\u00e1ban a hozz\u00e1j\u00e1rul\u00e1s\u00e1t visszavonhatja, de ez esetben a jogosults\u00e1ga is megsz\u0171nik az ingyenes term\u00e9kek, szolg\u00e1ltat\u00e1sok haszn\u00e1lat\u00e1ra.<\/span><\/p>\n<h3><b>4.3 <\/b><b>*<\/b><b> Bahorecz P\u00e9ter helyettes\u00edt\u00e9se<\/b><\/h3>\n<p><span style=\"font-weight: 400;\">Ha Bahorecz P\u00e9ter valamilyen k\u00fclf\u00f6ldi elfoglalts\u00e1ga miatt nem tudna szem\u00e9lyesen jelen lenni, akkor a meghirdetett tr\u00e9ninget, szolg\u00e1ltat\u00e1st egy Bahorecz P\u00e9ter \u00e1ltal kik\u00e9pzett Tr\u00e9ner tartja, aki teljes m\u00e9rt\u00e9kben k\u00e9pes arra, hogy Bahorecz P\u00e9tert helyettes\u00edtse.<\/span><\/p>\n<h2><b>5. Egy\u00e9b rendelkez\u00e9sek<\/b><\/h2>\n<h3><b>5.1 Marketing analitika<\/b><\/h3>\n<p><span style=\"font-weight: 400;\">A Szolg\u00e1ltat\u00f3 rendszere a felhaszn\u00e1l\u00f3k aktivit\u00e1s\u00e1r\u00f3l adatokat gy\u0171jthet, melyek nem kapcsolhat\u00f3ak \u00f6ssze a felhaszn\u00e1l\u00f3k \u00e1ltal a regisztr\u00e1ci\u00f3kor megadott egy\u00e9b adatokkal, sem m\u00e1s internetes honlapok vagy szolg\u00e1ltat\u00e1sok ig\u00e9nybev\u00e9telekor keletkez\u0151 adatokkal.<\/span><\/p>\n<h3><b>5.2 H\u00edrlev\u00e9lk\u00fcld\u00e9s \u00e9s kapcsolattart\u00e1s<\/b><\/h3>\n<p><span style=\"font-weight: 400;\">A Szolg\u00e1ltat\u00f3 jogosult a felhaszn\u00e1l\u00f3 r\u00e9sz\u00e9re h\u00edrlevelet vagy egy\u00e9b rekl\u00e1m levelet k\u00fcldeni, amennyiben a felhaszn\u00e1l\u00f3 a regisztr\u00e1ci\u00f3kor (v\u00e1s\u00e1rl\u00e1skor, szolg\u00e1ltat\u00e1sra, k\u00e9pz\u00e9sre jelentkez\u00e9skor) a megfelel\u0151 adatai megad\u00e1s\u00e1val ehhez el\u0151zetesen, egy\u00e9rtelm\u0171en, kifejezetten \u00e9s \u00f6nk\u00e9ntesen hozz\u00e1j\u00e1rult. A Szolg\u00e1ltat\u00f3 nem k\u00f6teles ellen\u0151rizni, hogy a felhaszn\u00e1l\u00f3 \u00e1ltal a regisztr\u00e1ci\u00f3kor, illet\u0151leg egy\u00e9bk\u00e9nt a hozz\u00e1j\u00e1rul\u00e1s megad\u00e1sakor megadott adatok val\u00f3sak, illet\u0151leg helyt\u00e1ll\u00f3ak.<\/span><\/p>\n<h3><b>5.3 Leiratkoz\u00e1s a h\u00edrlev\u00e9lr\u0151l<\/b><\/h3>\n<p><span style=\"font-weight: 400;\">A felhaszn\u00e1l\u00f3 az 5.2 pontban hivatkozott \u00f6nk\u00e9ntes hozz\u00e1j\u00e1rul\u00e1s\u00e1t b\u00e1rmikor jogosult visszavonni, \u00e9s ezt legegyszer\u0171bben megteheti a h\u00edrlevelek alj\u00e1n el\u00e9rhet\u0151 leiratkoz\u00e1s linkre kattintva automatikusan, emberi beavatkoz\u00e1s n\u00e9lk\u00fcl is. De a felhaszn\u00e1l\u00f3 v\u00e1laszthatja az info@aibusinessconsulting.hu c\u00edmre k\u00fcld\u00f6tt lev\u00e9lben t\u00f6rt\u00e9n\u0151 leiratkoz\u00e1st is. Ebben az esetben a Szolg\u00e1ltat\u00f3 3 munkanapon bel\u00fcl int\u00e9zkedik a leiratkoz\u00e1sr\u00f3l. A Szolg\u00e1ltat\u00f3 a hozz\u00e1j\u00e1rul\u00e1s visszavon\u00e1s\u00e1t k\u00f6vet\u0151en a felhaszn\u00e1l\u00f3 r\u00e9sz\u00e9re t\u00f6bb h\u00edrlevelet, illet\u0151leg egy\u00e9b rekl\u00e1m levelet nem k\u00fcld, tov\u00e1bb\u00e1 t\u00f6rli a felhaszn\u00e1l\u00f3 adatait a h\u00edrlev\u00e9lre feliratkozott felhaszn\u00e1l\u00f3k adatai k\u00f6z\u00fcl. Az adatkezel\u00e9ssel \u00e9s adatv\u00e9delemmel kapcsolatos r\u00e9szletes t\u00e1j\u00e9koztat\u00e1s a <\/span><a href=\"https:\/\/negyevszaktrening.hu\/aszf?_gl=1*171pzp5*_ga*MzcwODI0NDU1LjE2OTA5MTAwMTE.*_ga_VL2EXPBZHR*MTY5MDkxMDAxMS4xLjAuMTY5MDkxMDAxMS4wLjAuMA..#adatkezeles\"><span style=\"font-weight: 400;\">3. pontban megadott Adatkezel\u00e9si t\u00e1j\u00e9koztat\u00f3ban<\/span><\/a><span style=\"font-weight: 400;\"> \u00e9rhet\u0151 el.<\/span><\/p>\n<h3><b>5.4 Fogyaszt\u00f3i panasz\u00fcgyint\u00e9z\u00e9s<\/b><\/h3>\n<p><span style=\"font-weight: 400;\">A fogyaszt\u00f3i, v\u00e1s\u00e1rl\u00f3i panasz\u00fcgyint\u00e9z\u00e9s \u00edr\u00e1sban t\u00f6rt\u00e9nik, az info@aibusinessconsulting.hu c\u00edmen.<\/span><\/p>\n<h2><b>6. Sz\u00e1ml\u00e1z\u00e1s<\/b><\/h2>\n<p><span style=\"font-weight: 400;\">FIGYELEM! AZ ELEKTRONIKUS SZ\u00c1MLA NEM HARAP!<\/span><span style=\"font-weight: 400;\"><br \/><\/span><span style=\"font-weight: 400;\">Az online sz\u00e1ml\u00e1z\u00e1si szolg\u00e1ltat\u00f3nk a sz\u00e1ml\u00e1zz.hu, mely el\u00e9rhet\u0151 az el\u00e1bbi linken: <\/span><a href=\"https:\/\/www.szamlazz.hu\/szamla\/?upb4w5w9ejf3\"><b>NAV-\u00e1ll\u00f3 online sz\u00e1ml\u00e1z\u00f3 rendszer<\/b><\/a><\/p>\n<h3><b>6.1 e-Sz\u00e1ml\u00e1z\u00e1s<\/b><\/h3>\n<p><span style=\"font-weight: 400;\">A weboldalakon v\u00e1s\u00e1rolt b\u00e1rmely term\u00e9k vagy szolg\u00e1ltat\u00e1s eset\u00e9n a Vev\u0151 tudom\u00e1sul veszi, \u00e9s beleegyezik, hogy a Szolg\u00e1ltat\u00f3 elektronikus sz\u00e1ml\u00e1t bocs\u00e1t ki, \u00e9s Vev\u0151 beleegyezik, hogy befogadja az elektronikus sz\u00e1ml\u00e1t.<\/span><\/p>\n<p><span style=\"font-weight: 400;\">A sz\u00e1ml\u00e1kat a sz\u00e1ml\u00e1zz.hu E-sz\u00e1mla rendszer\u00e9n kereszt\u00fcl k\u00fcldj\u00fck ki, ahol 8 \u00e9vig t\u00e1roljuk a Vev\u0151nek kibocs\u00e1tott sz\u00e1ml\u00e1kat.<\/span><\/p>\n<p><span style=\"font-weight: 400;\">Az e-sz\u00e1mla haszn\u00e1lata: Let\u00f6lti a magyar Acrobat Reader programot, vagy friss\u00edti itt: <\/span><a href=\"http:\/\/get.adobe.com\/reader\/\"><span style=\"font-weight: 400;\">http:\/\/get.adobe.com\/reader\/<\/span><\/a><span style=\"font-weight: 400;\">\u00a0 (let\u00f6lt\u00e9s el\u0151tt c\u00e9lszer\u0171 a magyar v\u00e1ltozatot v\u00e1lasztani), majd az Acrobat Readerrel megnyitja az e-sz\u00e1ml\u00e1t, amit PDF-ban kap.<\/span><\/p>\n<h3><b>6.2 Tan\u00fas\u00edtv\u00e1ny hibakezel\u00e9s<\/b><\/h3>\n<p><span style=\"font-weight: 400;\">Ha az e-sz\u00e1mla megnyit\u00e1sakor a &#8222;The validity of the document certification is unknown. The author could not be verified.&#8221; \u00fczenetet kapja (magyarul: &#8222;A dokumentum hiteles\u00edt\u00e9s \u00e9rv\u00e9nyess\u00e9ge ismeretlen. A szerz\u0151t nem lehet ellen\u0151rizni.&#8221;), akkor a k\u00f6vetkez\u0151 a teend\u0151:<\/span><\/p>\n<p><span style=\"font-weight: 400;\">A fenti azt jelenti, hogy a sz\u00e1m\u00edt\u00f3g\u00e9p\u00e9re telep\u00edtett Adobe Acrobat Reader PDF olvas\u00f3 nem tudta ellen\u0151rizni az e-sz\u00e1ml\u00e1n tal\u00e1lhat\u00f3 tan\u00fas\u00edtv\u00e1ny hiteless\u00e9g\u00e9t. Ez nem az e-sz\u00e1mla hib\u00e1ja, hanem az Adobe Acrobat Reader be\u00e1ll\u00edt\u00e1si hib\u00e1ja!<\/span><\/p>\n<p><span style=\"font-weight: 400;\">A hib\u00e1t az al\u00e1bbi linken le\u00edrt m\u00f3don lehet jav\u00edtani: <\/span><a href=\"https:\/\/www.szamlazz.hu\/szamla\/tudastar\/eszamla\/hitelesseg_ellenorzes_sikertelen\"><span style=\"font-weight: 400;\">https:\/\/www.szamlazz.hu\/szamla\/tudastar\/eszamla\/hitelesseg_ellenorzes_sikertelen<\/span><\/a><\/p>\n<p><span style=\"font-weight: 400;\">Ha a szamlazz.hu Tud\u00e1st\u00e1rban le\u00edrt l\u00e9p\u00e9seket elv\u00e9gzi, akkor az al\u00e1\u00edr\u00e1s telep\u00edt\u00e9s k\u00e9sz, az Acrobat Reader nem jelez hib\u00e1t.<\/span><\/p>\n<h2><b>7. JOGLEMOND\u00c1S<\/b><\/h2>\n<p><b>7.1<\/b><span style=\"font-weight: 400;\"> A Felhaszn\u00e1l\u00f3 vagy Vev\u0151 lemond azon jog\u00e1r\u00f3l, hogy a term\u00e9kek vagy a szolg\u00e1ltat\u00e1s haszn\u00e1lat\u00e1b\u00f3l ered\u0151 v\u00e9lt vagy val\u00f3s k\u00e1r\u00e9rt beperelheti Szolg\u00e1ltat\u00f3t, vagy b\u00e1rmilyen m\u00e1s m\u00f3don k\u00e1rt\u00e9r\u00edt\u00e9st k\u00e9rne.<\/span><\/p>\n<p><b>7.2<\/b><span style=\"font-weight: 400;\"> Vev\u0151 lemond azon jog\u00e1r\u00f3l, \u00e9s nem fogja beperelni Szolg\u00e1ltat\u00f3t, ha a szolg\u00e1ltat\u00e1s sor\u00e1n vagy a Term\u00e9kek haszn\u00e1lata sor\u00e1n Vev\u0151 megs\u00e9r\u00fcl, b\u00e1rmilyen testi baj, k\u00e1r, stb. \u00e9ri. Vev\u0151 tudom\u00e1sul veszi, hogy ez az \u0151 felel\u0151ss\u00e9ge.<\/span><\/p>\n<p>&nbsp;<\/p>\n<p>[\/et_pb_text][\/et_pb_column][\/et_pb_row][\/et_pb_section]<\/p>\n","protected":false},"excerpt":{"rendered":"<p>\u00c1ltal\u00e1nos Szolg\u00e1ltat\u00e1si Felt\u00e9telek A Artificial Intelligence Business Consulting Kft. (sz\u00e9khely: 1118 Budapest, Minerva utca 2. A. \u00e9p.; c\u00e9gjegyz\u00e9ksz\u00e1m: 01-09-419006; \u201eSzolg\u00e1ltat\u00f3\u201d) 2023. j\u00falius 31. napj\u00e1t\u00f3l kezd\u0151d\u0151en ebben a dokumentumban adja k\u00f6zre az \u00c1ltal\u00e1nos Szolg\u00e1ltat\u00e1si Felt\u00e9teleit.\u00a0 A Szolg\u00e1ltat\u00f3 1.1 A Szolg\u00e1ltat\u00f3 weboldalai: A https:\/\/aibusinessconsulting.hu\/, valamint az al\u00e1bb felsorolt weboldalakon el\u00e9rhet\u0151 cd, k\u00f6nyv web\u00e1ruh\u00e1zakat a Szolg\u00e1ltat\u00f3 \u00fczemelteti. Weboldalak [&hellip;]<\/p>\n","protected":false},"author":1,"featured_media":0,"parent":0,"menu_order":0,"comment_status":"closed","ping_status":"closed","template":"","meta":{"_et_pb_use_builder":"on","_et_pb_old_content":"","_et_gb_content_width":"","footnotes":""},"class_list":["post-117","page","type-page","status-publish","hentry"],"yoast_head":"<!-- This site is optimized with the Yoast SEO plugin v20.12 - https:\/\/yoast.com\/wordpress\/plugins\/seo\/ -->\n<title>\u00c1SZF - AI Business Consulting<\/title>\n<meta name=\"robots\" content=\"index, follow, max-snippet:-1, max-image-preview:large, max-video-preview:-1\" \/>\n<link rel=\"canonical\" href=\"https:\/\/aibusinessconsulting.hu\/index.php\/aszf\/\" \/>\n<meta property=\"og:locale\" content=\"hu_HU\" \/>\n<meta property=\"og:type\" content=\"article\" \/>\n<meta property=\"og:title\" content=\"\u00c1SZF - AI Business Consulting\" \/>\n<meta property=\"og:description\" content=\"\u00c1ltal\u00e1nos Szolg\u00e1ltat\u00e1si Felt\u00e9telek A Artificial Intelligence Business Consulting Kft. (sz\u00e9khely: 1118 Budapest, Minerva utca 2. A. \u00e9p.; c\u00e9gjegyz\u00e9ksz\u00e1m: 01-09-419006; \u201eSzolg\u00e1ltat\u00f3\u201d) 2023. j\u00falius 31. napj\u00e1t\u00f3l kezd\u0151d\u0151en ebben a dokumentumban adja k\u00f6zre az \u00c1ltal\u00e1nos Szolg\u00e1ltat\u00e1si Felt\u00e9teleit.\u00a0 A Szolg\u00e1ltat\u00f3 1.1 A Szolg\u00e1ltat\u00f3 weboldalai: A https:\/\/aibusinessconsulting.hu\/, valamint az al\u00e1bb felsorolt weboldalakon el\u00e9rhet\u0151 cd, k\u00f6nyv web\u00e1ruh\u00e1zakat a Szolg\u00e1ltat\u00f3 \u00fczemelteti. Weboldalak [&hellip;]\" \/>\n<meta property=\"og:url\" content=\"https:\/\/aibusinessconsulting.hu\/index.php\/aszf\/\" \/>\n<meta property=\"og:site_name\" content=\"AI Business Consulting\" \/>\n<meta property=\"article:publisher\" content=\"https:\/\/www.facebook.com\/aibusinessconsulting\" \/>\n<meta property=\"article:modified_time\" content=\"2023-08-01T18:27:53+00:00\" \/>\n<meta name=\"twitter:card\" content=\"summary_large_image\" \/>\n<script type=\"application\/ld+json\" class=\"yoast-schema-graph\">{\"@context\":\"https:\/\/schema.org\",\"@graph\":[{\"@type\":\"WebPage\",\"@id\":\"https:\/\/aibusinessconsulting.hu\/index.php\/aszf\/\",\"url\":\"https:\/\/aibusinessconsulting.hu\/index.php\/aszf\/\",\"name\":\"\u00c1SZF - AI Business Consulting\",\"isPartOf\":{\"@id\":\"https:\/\/aibusinessconsulting.hu\/#website\"},\"datePublished\":\"2023-08-01T18:17:34+00:00\",\"dateModified\":\"2023-08-01T18:27:53+00:00\",\"breadcrumb\":{\"@id\":\"https:\/\/aibusinessconsulting.hu\/index.php\/aszf\/#breadcrumb\"},\"inLanguage\":\"hu\",\"potentialAction\":[{\"@type\":\"ReadAction\",\"target\":[\"https:\/\/aibusinessconsulting.hu\/index.php\/aszf\/\"]}]},{\"@type\":\"BreadcrumbList\",\"@id\":\"https:\/\/aibusinessconsulting.hu\/index.php\/aszf\/#breadcrumb\",\"itemListElement\":[{\"@type\":\"ListItem\",\"position\":1,\"name\":\"Kezd\u0151lap\",\"item\":\"https:\/\/aibusinessconsulting.hu\/\"},{\"@type\":\"ListItem\",\"position\":2,\"name\":\"\u00c1SZF\"}]},{\"@type\":\"WebSite\",\"@id\":\"https:\/\/aibusinessconsulting.hu\/#website\",\"url\":\"https:\/\/aibusinessconsulting.hu\/\",\"name\":\"AI Business Consulting\",\"description\":\"Megold\u00e1sok AI-ban, eredm\u00e9nyek a val\u00f3s vil\u00e1gban\",\"publisher\":{\"@id\":\"https:\/\/aibusinessconsulting.hu\/#organization\"},\"potentialAction\":[{\"@type\":\"SearchAction\",\"target\":{\"@type\":\"EntryPoint\",\"urlTemplate\":\"https:\/\/aibusinessconsulting.hu\/?s={search_term_string}\"},\"query-input\":\"required name=search_term_string\"}],\"inLanguage\":\"hu\"},{\"@type\":\"Organization\",\"@id\":\"https:\/\/aibusinessconsulting.hu\/#organization\",\"name\":\"AI Business Consulting Kft.\",\"url\":\"https:\/\/aibusinessconsulting.hu\/\",\"logo\":{\"@type\":\"ImageObject\",\"inLanguage\":\"hu\",\"@id\":\"https:\/\/aibusinessconsulting.hu\/#\/schema\/logo\/image\/\",\"url\":\"https:\/\/aibusinessconsulting.hu\/wp-content\/uploads\/2023\/07\/cropped-A.I.-Business-Consulting-Logo-1500x1500-1.png\",\"contentUrl\":\"https:\/\/aibusinessconsulting.hu\/wp-content\/uploads\/2023\/07\/cropped-A.I.-Business-Consulting-Logo-1500x1500-1.png\",\"width\":512,\"height\":512,\"caption\":\"AI Business Consulting Kft.\"},\"image\":{\"@id\":\"https:\/\/aibusinessconsulting.hu\/#\/schema\/logo\/image\/\"},\"sameAs\":[\"https:\/\/www.facebook.com\/aibusinessconsulting\"]}]}<\/script>\n<!-- \/ Yoast SEO plugin. -->","yoast_head_json":{"title":"\u00c1SZF - AI Business Consulting","robots":{"index":"index","follow":"follow","max-snippet":"max-snippet:-1","max-image-preview":"max-image-preview:large","max-video-preview":"max-video-preview:-1"},"canonical":"https:\/\/aibusinessconsulting.hu\/index.php\/aszf\/","og_locale":"hu_HU","og_type":"article","og_title":"\u00c1SZF - AI Business Consulting","og_description":"\u00c1ltal\u00e1nos Szolg\u00e1ltat\u00e1si Felt\u00e9telek A Artificial Intelligence Business Consulting Kft. (sz\u00e9khely: 1118 Budapest, Minerva utca 2. A. \u00e9p.; c\u00e9gjegyz\u00e9ksz\u00e1m: 01-09-419006; \u201eSzolg\u00e1ltat\u00f3\u201d) 2023. j\u00falius 31. napj\u00e1t\u00f3l kezd\u0151d\u0151en ebben a dokumentumban adja k\u00f6zre az \u00c1ltal\u00e1nos Szolg\u00e1ltat\u00e1si Felt\u00e9teleit.\u00a0 A Szolg\u00e1ltat\u00f3 1.1 A Szolg\u00e1ltat\u00f3 weboldalai: A https:\/\/aibusinessconsulting.hu\/, valamint az al\u00e1bb felsorolt weboldalakon el\u00e9rhet\u0151 cd, k\u00f6nyv web\u00e1ruh\u00e1zakat a Szolg\u00e1ltat\u00f3 \u00fczemelteti. Weboldalak [&hellip;]","og_url":"https:\/\/aibusinessconsulting.hu\/index.php\/aszf\/","og_site_name":"AI Business Consulting","article_publisher":"https:\/\/www.facebook.com\/aibusinessconsulting","article_modified_time":"2023-08-01T18:27:53+00:00","twitter_card":"summary_large_image","schema":{"@context":"https:\/\/schema.org","@graph":[{"@type":"WebPage","@id":"https:\/\/aibusinessconsulting.hu\/index.php\/aszf\/","url":"https:\/\/aibusinessconsulting.hu\/index.php\/aszf\/","name":"\u00c1SZF - AI Business Consulting","isPartOf":{"@id":"https:\/\/aibusinessconsulting.hu\/#website"},"datePublished":"2023-08-01T18:17:34+00:00","dateModified":"2023-08-01T18:27:53+00:00","breadcrumb":{"@id":"https:\/\/aibusinessconsulting.hu\/index.php\/aszf\/#breadcrumb"},"inLanguage":"hu","potentialAction":[{"@type":"ReadAction","target":["https:\/\/aibusinessconsulting.hu\/index.php\/aszf\/"]}]},{"@type":"BreadcrumbList","@id":"https:\/\/aibusinessconsulting.hu\/index.php\/aszf\/#breadcrumb","itemListElement":[{"@type":"ListItem","position":1,"name":"Kezd\u0151lap","item":"https:\/\/aibusinessconsulting.hu\/"},{"@type":"ListItem","position":2,"name":"\u00c1SZF"}]},{"@type":"WebSite","@id":"https:\/\/aibusinessconsulting.hu\/#website","url":"https:\/\/aibusinessconsulting.hu\/","name":"AI Business Consulting","description":"Megold\u00e1sok AI-ban, eredm\u00e9nyek a val\u00f3s vil\u00e1gban","publisher":{"@id":"https:\/\/aibusinessconsulting.hu\/#organization"},"potentialAction":[{"@type":"SearchAction","target":{"@type":"EntryPoint","urlTemplate":"https:\/\/aibusinessconsulting.hu\/?s={search_term_string}"},"query-input":"required name=search_term_string"}],"inLanguage":"hu"},{"@type":"Organization","@id":"https:\/\/aibusinessconsulting.hu\/#organization","name":"AI Business Consulting Kft.","url":"https:\/\/aibusinessconsulting.hu\/","logo":{"@type":"ImageObject","inLanguage":"hu","@id":"https:\/\/aibusinessconsulting.hu\/#\/schema\/logo\/image\/","url":"https:\/\/aibusinessconsulting.hu\/wp-content\/uploads\/2023\/07\/cropped-A.I.-Business-Consulting-Logo-1500x1500-1.png","contentUrl":"https:\/\/aibusinessconsulting.hu\/wp-content\/uploads\/2023\/07\/cropped-A.I.-Business-Consulting-Logo-1500x1500-1.png","width":512,"height":512,"caption":"AI Business Consulting Kft."},"image":{"@id":"https:\/\/aibusinessconsulting.hu\/#\/schema\/logo\/image\/"},"sameAs":["https:\/\/www.facebook.com\/aibusinessconsulting"]}]}},"_links":{"self":[{"href":"https:\/\/aibusinessconsulting.hu\/index.php\/wp-json\/wp\/v2\/pages\/117","targetHints":{"allow":["GET"]}}],"collection":[{"href":"https:\/\/aibusinessconsulting.hu\/index.php\/wp-json\/wp\/v2\/pages"}],"about":[{"href":"https:\/\/aibusinessconsulting.hu\/index.php\/wp-json\/wp\/v2\/types\/page"}],"author":[{"embeddable":true,"href":"https:\/\/aibusinessconsulting.hu\/index.php\/wp-json\/wp\/v2\/users\/1"}],"replies":[{"embeddable":true,"href":"https:\/\/aibusinessconsulting.hu\/index.php\/wp-json\/wp\/v2\/comments?post=117"}],"version-history":[{"count":3,"href":"https:\/\/aibusinessconsulting.hu\/index.php\/wp-json\/wp\/v2\/pages\/117\/revisions"}],"predecessor-version":[{"id":122,"href":"https:\/\/aibusinessconsulting.hu\/index.php\/wp-json\/wp\/v2\/pages\/117\/revisions\/122"}],"wp:attachment":[{"href":"https:\/\/aibusinessconsulting.hu\/index.php\/wp-json\/wp\/v2\/media?parent=117"}],"curies":[{"name":"wp","href":"https:\/\/api.w.org\/{rel}","templated":true}]}}