{"id":124,"date":"2023-08-01T19:52:04","date_gmt":"2023-08-01T19:52:04","guid":{"rendered":"https:\/\/aibusinessconsulting.hu\/?page_id=124"},"modified":"2023-08-01T19:54:58","modified_gmt":"2023-08-01T19:54:58","slug":"adatvedelmi-tajekoztato","status":"publish","type":"page","link":"https:\/\/aibusinessconsulting.hu\/index.php\/adatvedelmi-tajekoztato\/","title":{"rendered":"Adatv\u00e9delmi t\u00e1j\u00e9koztat\u00f3"},"content":{"rendered":"<p>[et_pb_section fb_built=&#8221;1&#8243; theme_builder_area=&#8221;post_content&#8221; _builder_version=&#8221;4.21.0&#8243; _module_preset=&#8221;default&#8221;][et_pb_row _builder_version=&#8221;4.21.0&#8243; _module_preset=&#8221;default&#8221; theme_builder_area=&#8221;post_content&#8221;][et_pb_column _builder_version=&#8221;4.21.0&#8243; _module_preset=&#8221;default&#8221; type=&#8221;4_4&#8243; theme_builder_area=&#8221;post_content&#8221;][et_pb_text _builder_version=&#8221;4.21.0&#8243; _module_preset=&#8221;default&#8221; theme_builder_area=&#8221;post_content&#8221; hover_enabled=&#8221;0&#8243; sticky_enabled=&#8221;0&#8243;]<\/p>\n<h1><b>Adatv\u00e9delmi t\u00e1j\u00e9koztat\u00f3<\/b><\/h1>\n<h2><b>1. \u00c1ltal\u00e1nos jogi k\u00f6zlem\u00e9ny<\/b><\/h2>\n<p><span style=\"font-weight: 400;\">Artificial Intelligence Business Consulting Kft.<\/span><span style=\"font-weight: 400;\"> (tov\u00e1bbiakban: Adatkezel\u0151) mag\u00e1ra n\u00e9zve k\u00f6telez\u0151nek ismeri el jelen jogi k\u00f6zlem\u00e9ny tartalm\u00e1t.<\/span><\/p>\n<p><span style=\"font-weight: 400;\">Az Adatkezel\u0151 \u00e9rt\u00e9kes\u00edt\u00e9si \u00e9s szolg\u00e1ltat\u00e1si tev\u00e9kenys\u00e9g\u00e9vel kapcsolatban kezeli a regisztr\u00e1lt felhaszn\u00e1l\u00f3k szem\u00e9lyes adatait, kiz\u00e1r\u00f3lag a megrendel\u00e9sek teljes\u00edt\u00e9s\u00e9nek c\u00e9lj\u00e1b\u00f3l, \u00e9s a teljes\u00edt\u00e9ssel kapcsolatos k\u00f6telezetts\u00e9ge (pl. sz\u00e1ml\u00e1z\u00e1s) \u00e9s a szolg\u00e1ltat\u00e1s biztos\u00edt\u00e1sa \u00e9rdek\u00e9ben. Csak olyan szem\u00e9lyes adatot kezel, amely az adatkezel\u00e9s c\u00e9lj\u00e1nak megval\u00f3sul\u00e1s\u00e1hoz elengedhetetlen, \u00e9s a c\u00e9l el\u00e9r\u00e9s\u00e9re alkalmas. A szem\u00e9lyes adatokat csak a c\u00e9l megval\u00f3sul\u00e1s\u00e1hoz sz\u00fcks\u00e9ges m\u00e9rt\u00e9kben \u00e9s ideig kezeli.<\/span><\/p>\n<p><span style=\"font-weight: 400;\">Marketing \u00e9s prom\u00f3ci\u00f3s c\u00e9lokra csak abban az esetben haszn\u00e1lja az adatkezel\u0151 a szem\u00e9lyes adatokat, ha az \u00e9rintett ehhez k\u00fcl\u00f6n hozz\u00e1j\u00e1rult.<\/span><\/p>\n<p><span style=\"font-weight: 400;\">Az Adatkezel\u0151 elk\u00f6telezett \u00fcgyfelei \u00e9s partnerei szem\u00e9lyes adatainak v\u00e9delm\u00e9ben, kiemelten fontosnak tartja \u00fcgyfelei inform\u00e1ci\u00f3s \u00f6nrendelkez\u00e9si jog\u00e1nak tiszteletben tart\u00e1s\u00e1t. Az Adatkezel\u0151 a szem\u00e9lyes adatokat bizalmasan kezeli, \u00e9s megtesz minden olyan biztons\u00e1gi, technikai \u00e9s szervez\u00e9si int\u00e9zked\u00e9st, mely az adatok biztons\u00e1g\u00e1t garant\u00e1lja.<\/span><\/p>\n<p><span style=\"font-weight: 400;\">Az Adatkezel\u0151 fenntartja mag\u00e1nak a jogot jelen t\u00e1j\u00e9koztat\u00f3 megv\u00e1ltoztat\u00e1s\u00e1ra.<\/span><\/p>\n<p>&nbsp;<\/p>\n<h2><b>2. Az adatkezel\u0151 adatai<\/b><\/h2>\n<table>\n<tbody>\n<tr>\n<td>\n<p><span style=\"font-weight: 400;\">N\u00e9v:<\/span><\/p>\n<\/td>\n<td>\n<p><span style=\"font-weight: 400;\">Artificial Intelligence Business Consulting Kft.<\/span><\/p>\n<\/td>\n<\/tr>\n<tr>\n<td>\n<p><span style=\"font-weight: 400;\">Sz\u00e9khely:<\/span><\/p>\n<\/td>\n<td>\n<p><span style=\"font-weight: 400;\">1118 Budapest, Minerva utca 2. A. \u00e9p<\/span><span style=\"font-weight: 400;\">.<\/span><\/p>\n<\/td>\n<\/tr>\n<tr>\n<td>\n<p><span style=\"font-weight: 400;\">C\u00e9gjegyz\u00e9ksz\u00e1m:<\/span><\/p>\n<\/td>\n<td>\n<p><span style=\"font-weight: 400;\">Cg. 01-09-419006<\/span><\/p>\n<\/td>\n<\/tr>\n<tr>\n<td>\n<p><span style=\"font-weight: 400;\">Nyilv\u00e1ntart\u00e1sba vev\u0151 hat\u00f3s\u00e1g:<\/span><\/p>\n<\/td>\n<td>\n<p><span style=\"font-weight: 400;\">F\u0151v\u00e1rosi T\u00f6rv\u00e9nysz\u00e9k C\u00e9gb\u00edr\u00f3s\u00e1ga<\/span><\/p>\n<\/td>\n<\/tr>\n<tr>\n<td>\n<p><span style=\"font-weight: 400;\">Ad\u00f3sz\u00e1m:<\/span><\/p>\n<\/td>\n<td>\n<p><span style=\"font-weight: 400;\">32339958-2-43<\/span><\/p>\n<\/td>\n<\/tr>\n<tr>\n<td>\n<p><span style=\"font-weight: 400;\">Email c\u00edm:<\/span><\/p>\n<\/td>\n<td>\n<p><span style=\"font-weight: 400;\">info@<\/span><span style=\"font-weight: 400;\">aibusinessconsulting.hu<\/span><\/p>\n<\/td>\n<\/tr>\n<\/tbody>\n<\/table>\n<h2><b>3. Adatkezel\u00e9si ir\u00e1nyelvek<\/b><\/h2>\n<p><span style=\"font-weight: 400;\">Az Adatkezel\u0151 tev\u00e9kenys\u00e9g\u00e9nek adatkezel\u00e9sei \u00f6nk\u00e9ntes hozz\u00e1j\u00e1rul\u00e1son, illetve t\u00f6rv\u00e9nyi felhatalmaz\u00e1son alapulnak. Az \u00f6nk\u00e9ntes hozz\u00e1j\u00e1rul\u00e1son alapul\u00f3 adatkezel\u00e9sek eset\u00e9ben az \u00e9rintettek e hozz\u00e1j\u00e1rul\u00e1sukat az adatkezel\u00e9s b\u00e1rmely szak\u00e1ban visszavonhatj\u00e1k.<\/span><\/p>\n<p><span style=\"font-weight: 400;\">Bizonyos esetekben a megadott adatok egy k\u00f6r\u00e9nek kezel\u00e9s\u00e9t, t\u00e1rol\u00e1s\u00e1t, tov\u00e1bb\u00edt\u00e1s\u00e1t jogszab\u00e1lyok teszik k\u00f6telez\u0151v\u00e9.<\/span><\/p>\n<p><span style=\"font-weight: 400;\">Felh\u00edvjuk az Adatkezel\u0151 r\u00e9sz\u00e9re adatk\u00f6zl\u0151k figyelm\u00e9t, hogy amennyiben nem saj\u00e1t szem\u00e9lyes adataikat adj\u00e1k meg, az adatk\u00f6zl\u0151 k\u00f6teless\u00e9ge az \u00e9rintett hozz\u00e1j\u00e1rul\u00e1s\u00e1nak beszerz\u00e9se.<\/span><\/p>\n<p><span style=\"font-weight: 400;\">A 16. \u00e9let\u00e9v\u00e9t be nem t\u00f6lt\u00f6tt vagy az egy\u00e9bk\u00e9nt cselekv\u0151k\u00e9ptelen Felhaszn\u00e1l\u00f3 nev\u00e9ben a t\u00f6rv\u00e9nyes k\u00e9pvisel\u0151 adhat hozz\u00e1j\u00e1rul\u00e1st<\/span><\/p>\n<p><span style=\"font-weight: 400;\">Adatkezel\u00e9si alapelvei \u00f6sszhangban vannak az adatv\u00e9delemmel kapcsolatos hat\u00e1lyos jogszab\u00e1lyokkal, \u00edgy k\u00fcl\u00f6n\u00f6sen az al\u00e1bbiakkal:<\/span><\/p>\n<p>&nbsp;<\/p>\n<ol start=\"2011\">\n<li><span style=\"font-weight: 400;\"> \u00e9vi CXII. t\u00f6rv\u00e9ny &#8211; az inform\u00e1ci\u00f3s \u00f6nrendelkez\u00e9si jogr\u00f3l \u00e9s az inform\u00e1ci\u00f3-szabads\u00e1gr\u00f3l (Infotv.);<\/span><span style=\"font-weight: 400;\">\n<p><\/span><\/li>\n<\/ol>\n<ul>\n<li style=\"font-weight: 400;\" aria-level=\"1\"><span style=\"font-weight: 400;\">Az Eur\u00f3pai Parlament \u00e9s a Tan\u00e1cs (EU) 2016\/679 rendelete (2016. \u00e1prilis 27.) \u2013 a term\u00e9szetes szem\u00e9lyeknek a szem\u00e9lyes adatok kezel\u00e9se tekintet\u00e9ben t\u00f6rt\u00e9n\u0151 v\u00e9delm\u00e9r\u0151l \u00e9s az ilyen adatok szabad \u00e1raml\u00e1s\u00e1r\u00f3l, valamint a 95\/46\/EK rendelet hat\u00e1lyon k\u00edv\u00fcl helyez\u00e9s\u00e9r\u0151l (\u00e1ltal\u00e1nos adatv\u00e9delmi rendelet, GDPR);<\/span><span style=\"font-weight: 400;\">\n<p><\/span><\/li>\n<li style=\"font-weight: 400;\" aria-level=\"1\"><span style=\"font-weight: 400;\">2013. \u00e9vi V. t\u00f6rv\u00e9ny \u2013 a Polg\u00e1ri T\u00f6rv\u00e9nyk\u00f6nyvr\u0151l (Ptk.);<\/span><span style=\"font-weight: 400;\">\n<p><\/span><\/li>\n<li style=\"font-weight: 400;\" aria-level=\"1\"><span style=\"font-weight: 400;\">2000. \u00e9vi C. t\u00f6rv\u00e9ny \u2013 a sz\u00e1mvitelr\u0151l (Sz\u00e1mv. tv.);<\/span><span style=\"font-weight: 400;\">\n<p><\/span><\/li>\n<li style=\"font-weight: 400;\" aria-level=\"1\"><span style=\"font-weight: 400;\">2017. \u00e9vi LIII. t\u00f6rv\u00e9ny \u2013 a p\u00e9nzmos\u00e1s \u00e9s terrorizmus finansz\u00edroz\u00e1sa megel\u0151z\u00e9s\u00e9r\u0151l \u00e9s megakad\u00e1lyoz\u00e1s\u00e1r\u00f3l (Pmt.);<\/span><span style=\"font-weight: 400;\">\n<p><\/span><\/li>\n<li style=\"font-weight: 400;\" aria-level=\"1\"><span style=\"font-weight: 400;\">2013. \u00e9vi CCXXXVII. t\u00f6rv\u00e9ny \u2013 a hitelint\u00e9zetekr\u0151l \u00e9s a p\u00e9nz\u00fcgyi v\u00e1llalkoz\u00e1sokr\u00f3l (Hpt.).<\/span><span style=\"font-weight: 400;\">\n<p><\/span><\/li>\n<\/ul>\n<p>&nbsp;<\/p>\n<h2><b>4. Kezelt adatok k\u00f6re<\/b><\/h2>\n<p><span style=\"font-weight: 400;\">Az oldal l\u00e1togat\u00e1s\u00e1hoz nincs sz\u00fcks\u00e9g adatszolg\u00e1ltat\u00e1sra, de a v\u00e1s\u00e1rl\u00e1shoz \u00e9s a regisztr\u00e1ci\u00f3hoz m\u00e1r szem\u00e9lyes adatok megad\u00e1sa sz\u00fcks\u00e9ges.<\/span><\/p>\n<p><span style=\"font-weight: 400;\">Regisztr\u00e1ci\u00f3\/v\u00e1s\u00e1rl\u00e1s sor\u00e1n megadand\u00f3 szem\u00e9lyes adatok: vezet\u00e9kn\u00e9v, keresztn\u00e9v, email c\u00edm, jelsz\u00f3, sz\u00e1ml\u00e1z\u00e1si n\u00e9v, sz\u00e1ml\u00e1z\u00e1si c\u00edm<\/span><\/p>\n<p><span style=\"font-weight: 400;\">Online \u00fcgyint\u00e9z\u00e9s sor\u00e1n megadand\u00f3 szem\u00e9lyes adatok: email c\u00edm, vezet\u00e9kn\u00e9v, keresztn\u00e9v<\/span><\/p>\n<p><span style=\"font-weight: 400;\">Regisztr\u00e1lt felhaszn\u00e1l\u00f3k eset\u00e9n kezelt tov\u00e1bbi szem\u00e9lyes adatok: IP c\u00edm<\/span><\/p>\n<p><span style=\"font-weight: 400;\">A rendszer m\u0171k\u00f6dtet\u00e9se sor\u00e1n technikailag r\u00f6gz\u00edt\u00e9sre ker\u00fcl\u0151 adatok: az \u00e9rintett bejelentkez\u0151 sz\u00e1m\u00edt\u00f3g\u00e9p\u00e9nek azon adatai, melyeket az Adatkezel\u0151 rendszere a technikai folyamatok automatikus eredm\u00e9nyek\u00e9nt r\u00f6gz\u00edt. Az automatikusan r\u00f6gz\u00edt\u00e9sre ker\u00fcl\u0151 adatot a rendszer az \u00e9rintett k\u00fcl\u00f6n nyilatkozata vagy cselekm\u00e9nye n\u00e9lk\u00fcl a bel\u00e9p\u00e9skor, a rendszerben v\u00e9gzett tev\u00e9kenys\u00e9gek sor\u00e1n, illetve kil\u00e9p\u00e9skor automatikusan napl\u00f3zza. Ezen adatokat a felhaszn\u00e1l\u00f3i \u00e9lm\u00e9ny n\u00f6vel\u00e9s\u00e9re, a rendszer tov\u00e1bbfejleszt\u00e9s\u00e9re, hasznos visszajelz\u00e9sek ad\u00e1s\u00e1ra (pl. felhaszn\u00e1l\u00f3i fi\u00f3k megoszt\u00e1s gyan\u00fa) haszn\u00e1lja fel az Adatkezel\u0151. Ezen adatokhoz kiz\u00e1r\u00f3lag az Adatkezel\u0151 erre felhatalmazott munkat\u00e1rsai f\u00e9rhetnek hozz\u00e1.<\/span><\/p>\n<p><span style=\"font-weight: 400;\">Az oldal l\u00e1togat\u00e1sa sor\u00e1n rendszer\u00fcnk r\u00f6gz\u00edti a felhaszn\u00e1l\u00f3k IP c\u00edm\u00e9t, melyb\u0151l bizonyos esetekben k\u00f6vetkeztetni lehet az \u00e9rintett szem\u00e9lyre, ezen fel\u00fcl r\u00f6gz\u00edti a haszn\u00e1lt oper\u00e1ci\u00f3s rendszer \u00e9s a b\u00f6ng\u00e9sz\u0151 t\u00edpus\u00e1t, valamint a l\u00e1togatott oldal \u00e9s a l\u00e1togatott oldalra hivatkoz\u00f3 oldal (referer) c\u00edm\u00e9t. Ezen adatr\u00f6gz\u00edt\u00e9s c\u00e9lja a rendszer biztons\u00e1g\u00e1nak garant\u00e1l\u00e1sa, esetleges hackert\u00e1mad\u00e1sok azonos\u00edt\u00e1sa, azon IP c\u00edmek tilthat\u00f3s\u00e1ga, melyekr\u0151l nem k\u00edv\u00e1nt forgalom (pl. t\u00falterhel\u00e9ses t\u00e1mad\u00e1s, vagy bet\u00f6r\u00e9si k\u00eds\u00e9rlet) \u00e9rkezik.<\/span><\/p>\n<p><span style=\"font-weight: 400;\">Az Adatkezel\u0151 rendszeres id\u0151k\u00f6z\u00f6nk\u00e9nt adatment\u00e9st v\u00e9gez. Az adatment\u00e9snek els\u0151sorban technikai jelleg\u0171 c\u00e9lja van, amely oldalaink rendszer\u00e9nek folyamatos m\u0171k\u00f6d\u00e9s\u00e9hez elengedhetetlen.<\/span><\/p>\n<p>&nbsp;<\/p>\n<h2><b>5. Az adatkezel\u00e9s c\u00e9lja<\/b><\/h2>\n<p><span style=\"font-weight: 400;\">A felhaszn\u00e1l\u00f3 azonos\u00edthat\u00f3s\u00e1ga a rendel\u00e9s teljes\u00edt\u00e9s\u00e9hez, illetve a v\u00e1s\u00e1rl\u00e1ssal kapcsolatos egy\u00e9b c\u00e9lok miatt (rendel\u00e9s lemond\u00e1sa, m\u00f3dos\u00edt\u00e1sa, szolg\u00e1ltat\u00e1s ny\u00fajt\u00e1sa stb.), azaz \u00fcgyf\u00e9l adatkezel\u00e9s.<\/span><\/p>\n<p><span style=\"font-weight: 400;\">A felhaszn\u00e1l\u00f3 \u00e9rtes\u00edt\u00e9se a szolg\u00e1ltat\u00e1ssal kapcsolatos v\u00e1ltoz\u00e1sokr\u00f3l, h\u00edrekr\u0151l, inform\u00e1ci\u00f3kr\u00f3l<\/span><\/p>\n<p><span style=\"font-weight: 400;\">L\u00e1togatotts\u00e1gi, l\u00e1togat\u00f3i statisztik\u00e1k k\u00e9sz\u00edt\u00e9se, saj\u00e1t felhaszn\u00e1l\u00e1sra.<\/span><\/p>\n<p><span style=\"font-weight: 400;\">Marketing emailek k\u00fcld\u00e9se (\u00faj vagy megl\u00e9v\u0151 online tananyagokr\u00f3l, esem\u00e9nyekr\u0151l, szolg\u00e1ltat\u00e1sokr\u00f3l, akci\u00f3kr\u00f3l, stb.), mely opcion\u00e1lisan k\u00e9rhet\u0151 a felhaszn\u00e1l\u00f3 \u00e1ltal. A marketing emailekre feliratkozni \u00e9s azokr\u00f3l leiratkoni b\u00e1rmikor van lehet\u0151s\u00e9g az Adatv\u00e9delmi be\u00e1ll\u00edt\u00e1sok nev\u0171 men\u00fcpontban vagy a marketing levelekben tal\u00e1lhat\u00f3 leiratkoz\u00e1s link seg\u00edts\u00e9g\u00e9vel.<\/span><\/p>\n<p>&nbsp;<\/p>\n<h2><b>6. Az adatkezel\u00e9s id\u0151tartama<\/b><\/h2>\n<p><span style=\"font-weight: 400;\">A regisztr\u00e1ci\u00f3 sor\u00e1n megadott \u00e9s a szolg\u00e1ltat\u00e1s haszn\u00e1lata sor\u00e1n keletkezett adatok addig ker\u00fclnek t\u00e1rol\u00e1sra, ameddig a felhaszn\u00e1l\u00f3 azok t\u00f6rl\u00e9s\u00e9t nem k\u00e9ri. A t\u00f6rl\u00e9st a felhaszn\u00e1l\u00f3 b\u00e1rmikor kezdem\u00e9nyezheti a profil oldal\u00e1n tal\u00e1lhat\u00f3 profil t\u00f6rl\u00e9se funkci\u00f3val.<\/span><\/p>\n<p><span style=\"font-weight: 400;\">Az oldalainkon leadott megrendel\u00e9sb\u0151l k\u00e9sz\u00fclt sz\u00e1mla adatai a hat\u00e1lyos sz\u00e1mviteli t\u00f6rv\u00e9nyben meghat\u00e1rozott id\u0151szakra ker\u00fclnek t\u00e1rol\u00e1sra.<\/span><\/p>\n<p>&nbsp;<\/p>\n<h2><b>7. Az adatokat megismer\u0151k k\u00f6re \u00e9s adatfeldolgoz\u00f3k<\/b><\/h2>\n<p><span style=\"font-weight: 400;\">A kezelt adatok megismer\u00e9s\u00e9re az Adatkezel\u0151 kijel\u00f6lt munkat\u00e1rsai jogosultak.<\/span><\/p>\n<h3><b>7.1. Szerver- \u00e9s t\u00e1rhely szolg\u00e1ltat\u00e1s<\/b><\/h3>\n<table>\n<tbody>\n<tr>\n<td>\n<p><span style=\"font-weight: 400;\">N\u00e9v:<\/span><\/p>\n<\/td>\n<td>\n<p><b>T\u00e1rhely.Eu Szolg\u00e1ltat\u00f3 Kft.<\/b><\/p>\n<\/td>\n<\/tr>\n<tr>\n<td>\n<p><span style=\"font-weight: 400;\">Sz\u00e9khely:<\/span><\/p>\n<\/td>\n<td>\n<p><b>1144 Budapest, Orm\u00e1ns\u00e1g u. 4. X. em. 241.<\/b><\/p>\n<\/td>\n<\/tr>\n<tr>\n<td>\n<p><span style=\"font-weight: 400;\">Email c\u00edm:<\/span><\/p>\n<\/td>\n<td>\n<p><span style=\"font-weight: 400;\">iroda@tarhely.eu<\/span><\/p>\n<\/td>\n<\/tr>\n<tr>\n<td>\n<p><span style=\"font-weight: 400;\">Weboldal:<\/span><\/p>\n<\/td>\n<td>\n<p><span style=\"font-weight: 400;\">tarhely.eu<\/span><\/p>\n<\/td>\n<\/tr>\n<tr>\n<td>\n<p><span style=\"font-weight: 400;\">Tov\u00e1bb\u00edtott adatok k\u00f6re:<\/span><\/p>\n<\/td>\n<td>\n<p><span style=\"font-weight: 400;\">vezet\u00e9kn\u00e9v, keresztn\u00e9v, email c\u00edm, jelsz\u00f3 (k\u00f3dolva), sz\u00e1ml\u00e1z\u00e1si n\u00e9v, sz\u00e1ml\u00e1z\u00e1si c\u00edm, IP c\u00edm<\/span><\/p>\n<\/td>\n<\/tr>\n<tr>\n<td>\n<p><span style=\"font-weight: 400;\">Az adattov\u00e1bb\u00edt\u00e1s c\u00e9lja:<\/span><\/p>\n<\/td>\n<td>\n<p><span style=\"font-weight: 400;\">szerver \u00e9s t\u00e1rhely szolg\u00e1ltat\u00e1s biztos\u00edt\u00e1sa t\u00f6bbek k\u00f6z\u00f6tt adatt\u00e1rol\u00e1s c\u00e9lj\u00e1b\u00f3l.<\/span><\/p>\n<\/td>\n<\/tr>\n<\/tbody>\n<\/table>\n<p>&nbsp;<\/p>\n<h3><b>7.2. Sz\u00e1ml\u00e1z\u00e1s<\/b><\/h3>\n<table>\n<tbody>\n<tr>\n<td>\n<p><span style=\"font-weight: 400;\">N\u00e9v:<\/span><\/p>\n<\/td>\n<td>\n<p><span style=\"font-weight: 400;\">KBOSS.hu Kft.<\/span><\/p>\n<\/td>\n<\/tr>\n<tr>\n<td>\n<p><span style=\"font-weight: 400;\">Sz\u00e9khely:<\/span><\/p>\n<\/td>\n<td>\n<p><span style=\"font-weight: 400;\">1031 Budapest, Z\u00e1hony utca 7.<\/span><\/p>\n<\/td>\n<\/tr>\n<tr>\n<td>\n<p><span style=\"font-weight: 400;\">Email c\u00edm:<\/span><\/p>\n<\/td>\n<td>\n<p><span style=\"font-weight: 400;\">info@szamlazz.hu<\/span><\/p>\n<\/td>\n<\/tr>\n<tr>\n<td>\n<p><span style=\"font-weight: 400;\">Weboldal:<\/span><\/p>\n<\/td>\n<td>\n<p><span style=\"font-weight: 400;\">szamlazz.hu<\/span><\/p>\n<\/td>\n<\/tr>\n<tr>\n<td>\n<p><span style=\"font-weight: 400;\">Tov\u00e1bb\u00edtott adatok k\u00f6re:<\/span><\/p>\n<\/td>\n<td>\n<p><span style=\"font-weight: 400;\">vezet\u00e9kn\u00e9v, keresztn\u00e9v, email c\u00edm, sz\u00e1ml\u00e1z\u00e1si n\u00e9v, sz\u00e1ml\u00e1z\u00e1si c\u00edm, v\u00e1s\u00e1rl\u00e1s adatai<\/span><\/p>\n<\/td>\n<\/tr>\n<tr>\n<td>\n<p><span style=\"font-weight: 400;\">Az adattov\u00e1bb\u00edt\u00e1s c\u00e9lja:<\/span><\/p>\n<\/td>\n<td>\n<p><span style=\"font-weight: 400;\">d\u00edjbek\u00e9r\u0151 \u00e9s sz\u00e1mla ki\u00e1ll\u00edt\u00e1sa<\/span><\/p>\n<\/td>\n<\/tr>\n<\/tbody>\n<\/table>\n<p>&nbsp;<\/p>\n<h3><b>7.3. Marketing emailek<\/b><\/h3>\n<table>\n<tbody>\n<tr>\n<td>\n<p><span style=\"font-weight: 400;\">N\u00e9v:<\/span><\/p>\n<\/td>\n<td>\n<p><span style=\"font-weight: 400;\">MailerLite Limited<\/span><\/p>\n<\/td>\n<\/tr>\n<tr>\n<td>\n<p><span style=\"font-weight: 400;\">Sz\u00e9khely:<\/span><\/p>\n<\/td>\n<td>\n<p><span style=\"font-weight: 400;\">Ground Floor, 71 Lower Baggot Street, Dublin 2, D02 P593, Ireland<\/span><\/p>\n<\/td>\n<\/tr>\n<tr>\n<td>\n<p><span style=\"font-weight: 400;\">Email c\u00edm:<\/span><\/p>\n<\/td>\n<td>\n<p><span style=\"font-weight: 400;\">info@mailerlite.com<\/span><\/p>\n<\/td>\n<\/tr>\n<tr>\n<td>\n<p><span style=\"font-weight: 400;\">Weboldal:<\/span><\/p>\n<\/td>\n<td>\n<p><span style=\"font-weight: 400;\">https:\/\/www.mailerlite.com<\/span><\/p>\n<\/td>\n<\/tr>\n<tr>\n<td>\n<p><span style=\"font-weight: 400;\">Tov\u00e1bb\u00edtott adatok k\u00f6re:<\/span><\/p>\n<\/td>\n<td>\n<p><span style=\"font-weight: 400;\">vezet\u00e9kn\u00e9v, keresztn\u00e9v, email c\u00edm, v\u00e1s\u00e1rl\u00e1s adatai<\/span><\/p>\n<\/td>\n<\/tr>\n<tr>\n<td>\n<p><span style=\"font-weight: 400;\">Az adattov\u00e1bb\u00edt\u00e1s c\u00e9lja:<\/span><\/p>\n<\/td>\n<td>\n<p><span style=\"font-weight: 400;\">marketing emailek k\u00fcld\u00e9se<\/span><\/p>\n<\/td>\n<\/tr>\n<\/tbody>\n<\/table>\n<h2><b>8. \u00c9rintett jogai \u00e9s jog\u00e9rv\u00e9nyes\u00edt\u00e9si lehet\u0151s\u00e9gei<\/b><\/h2>\n<p><span style=\"font-weight: 400;\">Az \u00e9rintett t\u00e1j\u00e9koztat\u00e1st k\u00e9rhet szem\u00e9lyes adatai kezel\u00e9s\u00e9r\u0151l, valamint k\u00e9rheti szem\u00e9lyes adatainak helyesb\u00edt\u00e9s\u00e9t, illetve \u2013 a k\u00f6telez\u0151 adatkezel\u00e9sek kiv\u00e9tel\u00e9vel \u2013 t\u00f6rl\u00e9s\u00e9t, visszavon\u00e1s\u00e1t, \u00e9lhet adathordoz\u00e1si-, \u00e9s tiltakoz\u00e1si jog\u00e1val az adat felv\u00e9tel\u00e9n\u00e9l jelzett m\u00f3don, illetve az adatkezel\u0151 fenti el\u00e9rhet\u0151s\u00e9gein.<\/span><\/p>\n<p>&nbsp;<\/p>\n<h3><b>8.1. T\u00e1j\u00e9koztat\u00e1shoz val\u00f3 jog<\/b><\/h3>\n<p><span style=\"font-weight: 400;\">Az Adatkezel\u0151 megfelel\u0151 int\u00e9zked\u00e9seket hoz annak \u00e9rdek\u00e9ben, hogy az \u00e9rintettek r\u00e9sz\u00e9re a szem\u00e9lyes adatok kezel\u00e9s\u00e9re vonatkoz\u00f3, a GDPR 13. \u00e9s a 14. cikkben eml\u00edtett valamennyi inform\u00e1ci\u00f3t \u00e9s a 15\u201322. \u00e9s 34. cikk szerinti minden egyes t\u00e1j\u00e9koztat\u00e1st t\u00f6m\u00f6r, \u00e1tl\u00e1that\u00f3, \u00e9rthet\u0151 \u00e9s k\u00f6nnyen hozz\u00e1f\u00e9rhet\u0151 form\u00e1ban, vil\u00e1gosan \u00e9s k\u00f6z\u00e9rthet\u0151en megfogalmazva ny\u00fajtsa.<\/span><\/p>\n<p>&nbsp;<\/p>\n<h3><b>8.2. Az \u00e9rintett hozz\u00e1f\u00e9r\u00e9shez val\u00f3 joga<\/b><\/h3>\n<p><span style=\"font-weight: 400;\">Az \u00e9rintett jogosult arra, hogy az adatkezel\u0151t\u0151l visszajelz\u00e9st kapjon arra vonatkoz\u00f3an, hogy szem\u00e9lyes adatainak kezel\u00e9se folyamatban van-e, \u00e9s ha ilyen adatkezel\u00e9s folyamatban van, jogosult arra, hogy a szem\u00e9lyes adatokhoz \u00e9s a k\u00f6vetkez\u0151 inform\u00e1ci\u00f3khoz hozz\u00e1f\u00e9r\u00e9st kapjon:<\/span><\/p>\n<p>&nbsp;<\/p>\n<p><span style=\"font-weight: 400;\">az adatkezel\u00e9s c\u00e9ljai;<\/span><span style=\"font-weight: 400;\"><\/p>\n<p><\/span><\/p>\n<ul>\n<li style=\"font-weight: 400;\" aria-level=\"1\"><span style=\"font-weight: 400;\">az \u00e9rintett szem\u00e9lyes adatok kateg\u00f3ri\u00e1i;<\/span><span style=\"font-weight: 400;\">\n<p><\/span><\/li>\n<li style=\"font-weight: 400;\" aria-level=\"1\"><span style=\"font-weight: 400;\">azon c\u00edmzettek vagy c\u00edmzettek kateg\u00f3ri\u00e1i, akikkel, illetve amelyekkel a szem\u00e9lyes adatokat k\u00f6z\u00f6lt\u00e9k vagy k\u00f6z\u00f6lni fogj\u00e1k, ide\u00e9rtve k\u00fcl\u00f6n\u00f6sen a harmadik orsz\u00e1gbeli c\u00edmzetteket, illetve a nemzetk\u00f6zi szervezeteket;<\/span><span style=\"font-weight: 400;\">\n<p><\/span><\/li>\n<li style=\"font-weight: 400;\" aria-level=\"1\"><span style=\"font-weight: 400;\">a szem\u00e9lyes adatok t\u00e1rol\u00e1s\u00e1nak tervezett id\u0151tartama;<\/span><span style=\"font-weight: 400;\">\n<p><\/span><\/li>\n<li style=\"font-weight: 400;\" aria-level=\"1\"><span style=\"font-weight: 400;\">a helyesb\u00edt\u00e9s, t\u00f6rl\u00e9s vagy adatkezel\u00e9s korl\u00e1toz\u00e1s\u00e1nak \u00e9s a tiltakoz\u00e1s joga;<\/span><span style=\"font-weight: 400;\">\n<p><\/span><\/li>\n<li style=\"font-weight: 400;\" aria-level=\"1\"><span style=\"font-weight: 400;\">a fel\u00fcgyeleti hat\u00f3s\u00e1ghoz c\u00edmzett panasz beny\u00fajt\u00e1s\u00e1nak joga;<\/span><span style=\"font-weight: 400;\">\n<p><\/span><\/li>\n<li style=\"font-weight: 400;\" aria-level=\"1\"><span style=\"font-weight: 400;\">az adatforr\u00e1sokra vonatkoz\u00f3 inform\u00e1ci\u00f3;<\/span><\/li>\n<li style=\"font-weight: 400;\" aria-level=\"1\"><span style=\"font-weight: 400;\">az automatiz\u00e1lt d\u00f6nt\u00e9shozatal t\u00e9nye, ide\u00e9rtve a profilalkot\u00e1st is, valamint az alkalmazott logik\u00e1ra \u00e9s arra vonatkoz\u00f3 \u00e9rthet\u0151 inform\u00e1ci\u00f3k, hogy az ilyen adatkezel\u00e9s milyen jelent\u0151s\u00e9ggel b\u00edr, \u00e9s az \u00e9rintettre n\u00e9zve milyen v\u00e1rhat\u00f3 k\u00f6vetkezm\u00e9nyekkel j\u00e1r.<\/span><span style=\"font-weight: 400;\">\n<p><\/span><\/li>\n<li style=\"font-weight: 400;\" aria-level=\"1\"><span style=\"font-weight: 400;\">Az adatkezel\u0151 a k\u00e9relem beny\u00fajt\u00e1s\u00e1t\u00f3l sz\u00e1m\u00edtott legfeljebb egy h\u00f3napon bel\u00fcl adja meg a t\u00e1j\u00e9koztat\u00e1st.<\/span><\/li>\n<\/ul>\n<p>&nbsp;<\/p>\n<h3><b>8.3. Helyesb\u00edt\u00e9s joga<\/b><\/h3>\n<p><span style=\"font-weight: 400;\">Az \u00e9rintett k\u00e9rheti az Adatkezel\u0151 \u00e1ltal kezelt, r\u00e1 vonatkoz\u00f3 pontatlan szem\u00e9lyes adatok helyesb\u00edt\u00e9s\u00e9t \u00e9s a hi\u00e1nyos adatok kieg\u00e9sz\u00edt\u00e9s\u00e9t.<\/span><\/p>\n<p>&nbsp;<\/p>\n<h3><b>8.4. T\u00f6rl\u00e9shez val\u00f3 jog<\/b><\/h3>\n<p><span style=\"font-weight: 400;\">Az \u00e9rintett az al\u00e1bbi indokok valamelyik\u00e9nek fenn\u00e1ll\u00e1sa eset\u00e9n jogosult arra, hogy k\u00e9r\u00e9s\u00e9re az Adatkezel\u0151 indokolatlan k\u00e9sedelem n\u00e9lk\u00fcl t\u00f6r\u00f6lje a r\u00e1 vonatkoz\u00f3 szem\u00e9lyes adatokat:<\/span><\/p>\n<p>&nbsp;<\/p>\n<p><span style=\"font-weight: 400;\">szem\u00e9lyes adatokra m\u00e1r nincs sz\u00fcks\u00e9g abb\u00f3l a c\u00e9lb\u00f3l, amelyb\u0151l azokat gy\u0171jt\u00f6tt\u00e9k vagy m\u00e1s m\u00f3don kezelt\u00e9k;<\/span><span style=\"font-weight: 400;\"><\/p>\n<p><\/span><\/p>\n<ul>\n<li style=\"font-weight: 400;\" aria-level=\"1\"><span style=\"font-weight: 400;\">az \u00e9rintett visszavonja az adatkezel\u00e9s alapj\u00e1t k\u00e9pez\u0151 hozz\u00e1j\u00e1rul\u00e1s\u00e1t, \u00e9s az adatkezel\u00e9snek nincs m\u00e1s jogalapja;<\/span><span style=\"font-weight: 400;\">\n<p><\/span><\/li>\n<li style=\"font-weight: 400;\" aria-level=\"1\"><span style=\"font-weight: 400;\">az \u00e9rintett tiltakozik az adatkezel\u00e9s ellen, \u00e9s nincs els\u0151bbs\u00e9get \u00e9lvez\u0151 jogszer\u0171 ok az adatkezel\u00e9sre;<\/span><span style=\"font-weight: 400;\">\n<p><\/span><\/li>\n<li style=\"font-weight: 400;\" aria-level=\"1\"><span style=\"font-weight: 400;\">a szem\u00e9lyes adatokat jogellenesen kezelt\u00e9k;<\/span><span style=\"font-weight: 400;\">\n<p><\/span><\/li>\n<li style=\"font-weight: 400;\" aria-level=\"1\"><span style=\"font-weight: 400;\">a szem\u00e9lyes adatokat az adatkezel\u0151re alkalmazand\u00f3 uni\u00f3s vagy tag\u00e1llami jogban el\u0151\u00edrt jogi k\u00f6telezetts\u00e9g teljes\u00edt\u00e9s\u00e9hez t\u00f6r\u00f6lni kell;<\/span><span style=\"font-weight: 400;\">\n<p><\/span><\/li>\n<li style=\"font-weight: 400;\" aria-level=\"1\"><span style=\"font-weight: 400;\">a szem\u00e9lyes adatok gy\u0171jt\u00e9s\u00e9re inform\u00e1ci\u00f3s t\u00e1rsadalommal \u00f6sszef\u00fcgg\u0151 szolg\u00e1ltat\u00e1sok k\u00edn\u00e1l\u00e1s\u00e1val kapcsolatosan ker\u00fclt sor.<\/span><span style=\"font-weight: 400;\">\n<p><\/span><\/li>\n<\/ul>\n<p><span style=\"font-weight: 400;\">Az adatok t\u00f6rl\u00e9se nem kezdem\u00e9nyezhet\u0151, ha az adatkezel\u00e9s sz\u00fcks\u00e9ges:\u00a0<\/span><\/p>\n<p><span style=\"font-weight: 400;\">a v\u00e9lem\u00e9nynyilv\u00e1n\u00edt\u00e1s szabads\u00e1g\u00e1hoz \u00e9s a t\u00e1j\u00e9koz\u00f3d\u00e1shoz val\u00f3 jog gyakorl\u00e1sa c\u00e9lj\u00e1b\u00f3l;<\/span><span style=\"font-weight: 400;\"><\/p>\n<p><\/span><\/p>\n<ul>\n<li style=\"font-weight: 400;\" aria-level=\"1\"><span style=\"font-weight: 400;\">a szem\u00e9lyes adatok kezel\u00e9s\u00e9t el\u0151\u00edr\u00f3, az adatkezel\u0151re alkalmazand\u00f3 uni\u00f3s vagy tag\u00e1llami jog szerinti k\u00f6telezetts\u00e9g teljes\u00edt\u00e9se, illetve k\u00f6z\u00e9rdekb\u0151l vagy az adatkezel\u0151re ruh\u00e1zott k\u00f6zhatalmi jogos\u00edtv\u00e1ny gyakorl\u00e1sa keret\u00e9ben v\u00e9gzett feladat v\u00e9grehajt\u00e1sa c\u00e9lj\u00e1b\u00f3l;<\/span><span style=\"font-weight: 400;\">\n<p><\/span><\/li>\n<li style=\"font-weight: 400;\" aria-level=\"1\"><span style=\"font-weight: 400;\">a n\u00e9peg\u00e9szs\u00e9g-\u00fcgy ter\u00fclet\u00e9t \u00e9rint\u0151, vagy archiv\u00e1l\u00e1si, tudom\u00e1nyos \u00e9s t\u00f6rt\u00e9nelmi kutat\u00e1si c\u00e9lb\u00f3l vagy statisztikai c\u00e9lb\u00f3l, k\u00f6z\u00e9rdek alapj\u00e1n;<\/span><span style=\"font-weight: 400;\">\n<p><\/span><\/li>\n<li style=\"font-weight: 400;\" aria-level=\"1\"><span style=\"font-weight: 400;\">vagy jogi ig\u00e9nyek el\u0151terjeszt\u00e9s\u00e9hez, \u00e9rv\u00e9nyes\u00edt\u00e9s\u00e9hez, illetve v\u00e9delm\u00e9hez.<\/span><span style=\"font-weight: 400;\">\n<p><\/span><\/li>\n<\/ul>\n<p>&nbsp;<\/p>\n<h3><b>8.5. Az adatkezel\u00e9s korl\u00e1toz\u00e1s\u00e1hoz val\u00f3 jog<\/b><\/h3>\n<p><span style=\"font-weight: 400;\">Az \u00e9rintett k\u00e9r\u00e9s\u00e9re az Adatkezel\u0151 korl\u00e1tozza az adatkezel\u00e9st, ha az al\u00e1bbi felt\u00e9telek valamelyike teljes\u00fcl:<\/span><\/p>\n<p>&nbsp;<\/p>\n<p><span style=\"font-weight: 400;\">az \u00e9rintett vitatja a szem\u00e9lyes adatok pontoss\u00e1g\u00e1t, ez esetben a korl\u00e1toz\u00e1s arra az id\u0151tartamra vonatkozik, amely lehet\u0151v\u00e9 teszi, a szem\u00e9lyes adatok pontoss\u00e1g\u00e1nak ellen\u0151rz\u00e9s\u00e9t;<\/span><span style=\"font-weight: 400;\"><\/p>\n<p><\/span><\/p>\n<ul>\n<li style=\"font-weight: 400;\" aria-level=\"1\"><span style=\"font-weight: 400;\">az adatkezel\u00e9s jogellenes, \u00e9s az \u00e9rintett ellenzi az adatok t\u00f6rl\u00e9s\u00e9t, \u00e9s ehelyett k\u00e9ri azok felhaszn\u00e1l\u00e1s\u00e1nak korl\u00e1toz\u00e1s\u00e1t;<\/span><span style=\"font-weight: 400;\">\n<p><\/span><\/li>\n<li style=\"font-weight: 400;\" aria-level=\"1\"><span style=\"font-weight: 400;\">az adatkezel\u0151nek m\u00e1r nincs sz\u00fcks\u00e9ge a szem\u00e9lyes adatokra adatkezel\u00e9s c\u00e9lj\u00e1b\u00f3l, de az \u00e9rintett ig\u00e9nyli azokat jogi ig\u00e9nyek el\u0151terjeszt\u00e9s\u00e9hez, \u00e9rv\u00e9nyes\u00edt\u00e9s\u00e9hez vagy v\u00e9delm\u00e9hez; vagy<\/span><span style=\"font-weight: 400;\">\n<p><\/span><\/li>\n<li style=\"font-weight: 400;\" aria-level=\"1\"><span style=\"font-weight: 400;\">az \u00e9rintett tiltakozott az adatkezel\u00e9s ellen; ez esetben a korl\u00e1toz\u00e1s arra az id\u0151tartamra vonatkozik, am\u00edg meg\u00e1llap\u00edt\u00e1sra nem ker\u00fcl, hogy az adatkezel\u0151 jogos indokai els\u0151bbs\u00e9get \u00e9lveznek-e az \u00e9rintett jogos indokaival szemben.<\/span><span style=\"font-weight: 400;\">\n<p><\/span><\/li>\n<li style=\"font-weight: 400;\" aria-level=\"1\"><span style=\"font-weight: 400;\">Ha az adatkezel\u00e9s korl\u00e1toz\u00e1s al\u00e1 esik, a szem\u00e9lyes adatokat a t\u00e1rol\u00e1s kiv\u00e9tel\u00e9vel csak az \u00e9rintett hozz\u00e1j\u00e1rul\u00e1s\u00e1val, vagy jogi ig\u00e9nyek el\u0151terjeszt\u00e9s\u00e9hez, \u00e9rv\u00e9nyes\u00edt\u00e9s\u00e9hez vagy v\u00e9delm\u00e9hez, vagy m\u00e1s term\u00e9szetes vagy jogi szem\u00e9ly jogainak v\u00e9delme \u00e9rdek\u00e9ben, vagy az Uni\u00f3, illetve valamely tag\u00e1llam fontos k\u00f6z\u00e9rdek\u00e9b\u0151l lehet kezelni.<\/span><\/li>\n<\/ul>\n<p>&nbsp;<\/p>\n<h3><b>8.6. Adathordoz\u00e1shoz val\u00f3 jog<\/b><\/h3>\n<p><span style=\"font-weight: 400;\">Az \u00e9rintett jogosult arra, hogy a r\u00e1 vonatkoz\u00f3, \u00e1ltala az adatkezel\u0151 rendelkez\u00e9s\u00e9re bocs\u00e1tott szem\u00e9lyes adatokat tagolt, sz\u00e9les k\u00f6rben haszn\u00e1lt, g\u00e9ppel olvashat\u00f3 form\u00e1tumban megkapja, \u00e9s ezeket az adatokat egy m\u00e1sik adatkezel\u0151nek tov\u00e1bb\u00edtsa.<\/span><\/p>\n<p>&nbsp;<\/p>\n<h3><b>8.7. Tiltakoz\u00e1s joga<\/b><\/h3>\n<p><span style=\"font-weight: 400;\">Az \u00e9rintett jogosult arra, hogy a saj\u00e1t helyzet\u00e9vel kapcsolatos okokb\u00f3l b\u00e1rmikor tiltakozzon szem\u00e9lyes adatainak k\u00f6z\u00e9rdek\u0171 vagy az adatkezel\u0151re ruh\u00e1zott k\u00f6zhatalmi jogos\u00edtv\u00e1ny gyakorl\u00e1s\u00e1nak keret\u00e9ben v\u00e9gzett feladat v\u00e9grehajt\u00e1s\u00e1hoz sz\u00fcks\u00e9ges adatkezel\u00e9s, vagy az adatkezel\u0151 vagy egy harmadik f\u00e9l jogos \u00e9rdekeinek \u00e9rv\u00e9nyes\u00edt\u00e9s\u00e9hez sz\u00fcks\u00e9ges kezel\u00e9se ellen, ide\u00e9rtve az eml\u00edtett rendelkez\u00e9seken alapul\u00f3 profilalkot\u00e1st is. Tiltakoz\u00e1s eset\u00e9n az adatkezel\u0151 a szem\u00e9lyes adatokat nem kezelheti tov\u00e1bb, kiv\u00e9ve, ha azt olyan k\u00e9nyszer\u00edt\u0151 erej\u0171 jogos okok indokolj\u00e1k, amelyek els\u0151bbs\u00e9get \u00e9lveznek az \u00e9rintett \u00e9rdekeivel, jogaival \u00e9s szabads\u00e1gaival szemben, vagy amelyek jogi ig\u00e9nyek el\u0151terjeszt\u00e9s\u00e9hez, \u00e9rv\u00e9nyes\u00edt\u00e9s\u00e9hez vagy v\u00e9delm\u00e9hez kapcsol\u00f3dnak.<\/span><\/p>\n<p>&nbsp;<\/p>\n<h3><b>8.8. Automatiz\u00e1lt d\u00f6nt\u00e9shozatal egyedi \u00fcgyekben, bele\u00e9rtve a profilalkot\u00e1st<\/b><\/h3>\n<p><span style=\"font-weight: 400;\">Az \u00e9rintett jogosult arra, hogy ne terjedjen ki r\u00e1 az olyan, kiz\u00e1r\u00f3lag automatiz\u00e1lt adatkezel\u00e9sen \u2013 ide\u00e9rtve a profilalkot\u00e1st is \u2013 alapul\u00f3 d\u00f6nt\u00e9s hat\u00e1lya, amely r\u00e1 n\u00e9zve joghat\u00e1ssal j\u00e1rna vagy \u0151t hasonl\u00f3k\u00e9ppen jelent\u0151s m\u00e9rt\u00e9kben \u00e9rinten\u00e9.<\/span><\/p>\n<p>&nbsp;<\/p>\n<h3><b>8.9. Visszavon\u00e1s joga<\/b><\/h3>\n<p><span style=\"font-weight: 400;\">Az \u00e9rintett jogosult arra, hogy hozz\u00e1j\u00e1rul\u00e1s\u00e1t b\u00e1rmikor visszavonja.<\/span><\/p>\n<p>&nbsp;<\/p>\n<h2><b>9. Kapcsolat, Jogorvoslat<\/b><\/h2>\n<p><span style=\"font-weight: 400;\">Az a felhaszn\u00e1l\u00f3, aki \u00fagy \u00e9rzi, hogy az Adatkezel\u0151 megs\u00e9rtette szem\u00e9lyes adatai v\u00e9delm\u00e9hez val\u00f3 jog\u00e1t jogorvoslati lehet\u0151s\u00e9ggel, panasszal a Nemzeti Adatv\u00e9delmi \u00e9s Inform\u00e1ci\u00f3szabads\u00e1g Hat\u00f3s\u00e1ghoz<\/span><\/p>\n<p><span style=\"font-weight: 400;\">Nemzeti Adatv\u00e9delmi \u00e9s Inform\u00e1ci\u00f3szabads\u00e1g Hat\u00f3s\u00e1g<\/span><\/p>\n<p><span style=\"font-weight: 400;\">Levelez\u00e9si c\u00edm: 1374 Budapest, Pf. 603.<\/span><\/p>\n<p><span style=\"font-weight: 400;\">C\u00edm: 1055 Budapest, Falk Miksa utca 9-11.<\/span><\/p>\n<p><span style=\"font-weight: 400;\">Telefon: +36 (1) 391-1400<\/span><\/p>\n<p><span style=\"font-weight: 400;\">Fax: +36 (1) 391-1410<\/span><\/p>\n<p><span style=\"font-weight: 400;\">E-mail c\u00edm: ugyfelszolgalat@naih.hu.<\/span><\/p>\n<p><span style=\"font-weight: 400;\">\u00e9rv\u00e9nyes\u00edtheti. Az erre, valamint az adatkezel\u0151 k\u00f6telezetts\u00e9geire vonatkoz\u00f3 r\u00e9szletes t\u00f6rv\u00e9nyi rendelkez\u00e9seket a k\u00f6vetkez\u0151 t\u00f6rv\u00e9nyek tartalmazz\u00e1k:<\/span><\/p>\n<p>&nbsp;<\/p>\n<ol start=\"2011\">\n<li><span style=\"font-weight: 400;\"> \u00e9vi CXII. t\u00f6rv\u00e9ny \u2013 az inform\u00e1ci\u00f3s \u00f6nrendelkez\u00e9si jogr\u00f3l \u00e9s az inform\u00e1ci\u00f3szabads\u00e1gr\u00f3l (Inf\u00f3 t\u00f6rv\u00e9ny., adatv\u00e9delmi t\u00f6rv\u00e9ny)<\/span><span style=\"font-weight: 400;\">\n<p><\/span><\/li>\n<\/ol>\n<ul>\n<li style=\"font-weight: 400;\" aria-level=\"1\"><span style=\"font-weight: 400;\">2001. \u00e9vi CVIII. t\u00f6rv\u00e9ny \u2013 az elektronikus kereskedelmi szolg\u00e1ltat\u00e1sok, valamint az inform\u00e1ci\u00f3s t\u00e1rsadalommal \u00f6sszef\u00fcgg\u0151 szolg\u00e1ltat\u00e1sok egyes k\u00e9rd\u00e9seir\u0151l (Eker. tv.)<\/span><span style=\"font-weight: 400;\">\n<p><\/span><\/li>\n<li style=\"font-weight: 400;\" aria-level=\"1\"><span style=\"font-weight: 400;\">2008. \u00e9vi XLVIII. t\u00f6rv\u00e9ny \u2013 a gazdas\u00e1gi rekl\u00e1mtev\u00e9kenys\u00e9g alapvet\u0151 felt\u00e9teleir\u0151l \u00e9s egyes korl\u00e1tair\u00f3l (Grt.)<\/span><span style=\"font-weight: 400;\">\n<p><\/span><\/li>\n<li style=\"font-weight: 400;\" aria-level=\"1\"><span style=\"font-weight: 400;\">Adatkezel\u0151 ugyanakkor t\u00f6rekszik arra, hogy minden esetlegesen felmer\u00fcl\u0151 probl\u00e9m\u00e1t tiszt\u00e1zni tudjon, \u00edgy a felmer\u00fcl\u0151 adatv\u00e9delmi k\u00e9rd\u00e9sekr\u0151l sz\u00edvesen konzult\u00e1l el\u00e9rhet\u0151s\u00e9gein.<\/span><\/li>\n<\/ul>\n<p>&nbsp;<\/p>\n<h2><b>10. Anonim l\u00e1togat\u00f3azonos\u00edt\u00f3 (\u201ecookie\u201d) elhelyez\u00e9se<\/b><\/h2>\n<p><span style=\"font-weight: 400;\">Az anonim l\u00e1togat\u00f3azonos\u00edt\u00f3 (\u201ecookie\u201d, \u201es\u00fcti\u201d) egy olyan egyedi \u2013 azonos\u00edt\u00e1sra, illetve profilinform\u00e1ci\u00f3k t\u00e1rol\u00e1s\u00e1ra alkalmas \u2013 jelsorozat, melyet a webszerver a l\u00e1togat\u00f3 sz\u00e1m\u00edt\u00f3g\u00e9p\u00e9n helyez el. Az ilyen jelsorozat \u00f6nmag\u00e1ban semmilyen m\u00f3don nem k\u00e9pes a l\u00e1togat\u00f3t azonos\u00edtani, csak a l\u00e1togat\u00f3 g\u00e9p\u00e9nek felismer\u00e9s\u00e9re alkalmas. Nem tartalmaz nevet, e-mail c\u00edmet vagy b\u00e1rmilyen m\u00e1s szem\u00e9lyes inform\u00e1ci\u00f3t. A Weboldal b\u00f6ng\u00e9sz\u00e9s\u00e9hez nem sz\u00fcks\u00e9ges a cookie-k elfogad\u00e1sa, de a v\u00e1s\u00e1rl\u00e1s (bel\u00e9p\u00e9s) funkci\u00f3 nem m\u0171k\u00f6dik, ha a cookie-k elfogad\u00e1sa a b\u00f6ng\u00e9sz\u0151ben tiltva van.<\/span><\/p>\n<p><span style=\"font-weight: 400;\">Nemcsak a Weboldal k\u00fcld a l\u00e1togat\u00f3 b\u00f6ng\u00e9sz\u0151j\u00e9nek cookie-t, de k\u00fcls\u0151, f\u00fcggetlen audit\u00e1l\u00f3 szolg\u00e1ltat\u00e1s (Google Analytics) is m\u00e9ri az oldal l\u00e1togat\u00e1s\u00e1t ilyen eszk\u00f6zzel. A m\u00e9r\u00e9si adatok kezel\u00e9s\u00e9r\u0151l a https:\/\/www.google.com\/intl\/hu\/analytics weboldalon lehet r\u00e9szletesen t\u00e1j\u00e9koz\u00f3dni.<\/span><\/p>\n<p><span style=\"font-weight: 400;\">A Weboldal \u00fan. remarketing c\u00edmk\u00e9ket tartalmaz remarketing lista \u00e9p\u00edt\u00e9se c\u00e9lj\u00e1b\u00f3l, \u00edgy megl\u00e1togat\u00e1sa ut\u00e1n k\u00fcls\u0151 szolg\u00e1ltat\u00f3k, k\u00f6z\u00f6tt\u00fck a Google, internetes webhelyeken hirdet\u00e9seket jelen\u00edthetnek meg, ezek az \u00fan. \u00e9rdekl\u0151d\u00e9s alap\u00fa hirdet\u00e9sek. A remarketing list\u00e1k nem alkalmasak szem\u00e9lyazonos\u00edt\u00e1sra, a l\u00e1togat\u00f3 szem\u00e9lyes adatait nem tartalmazz\u00e1k, kiz\u00e1r\u00f3lag a b\u00f6ng\u00e9sz\u0151 szoftvert azonos\u00edtj\u00e1k. A remarketing c\u00edmk\u00e9khez a Google cookie-kat haszn\u00e1l. A Weboldal \u00fan. konverzi\u00f3k\u00f6vet\u00e9st haszn\u00e1l a Google Adwords hirdet\u00e9sek hat\u00e9konys\u00e1g\u00e1nak m\u00e9r\u00e9s\u00e9re. A konverzi\u00f3k\u00f6vet\u0151 cookie csak korl\u00e1tozott ideig l\u00e9tezik, elfogad\u00e1sa nem k\u00f6telez\u0151, semmilyen szem\u00e9lyes inform\u00e1ci\u00f3t nem r\u00f6gz\u00edt \u00e9s nem haszn\u00e1l.<\/span><\/p>\n<p><span style=\"font-weight: 400;\">L\u00e1togat\u00f3 letilthatja a Google cookie-haszn\u00e1lat\u00e1t a Google Hirdet\u00e9si be\u00e1ll\u00edt\u00e1saiban: https:\/\/www.google.com\/settings\/ads. A Network Advertising Initiative leiratkoz\u00e1si oldal\u00e1n (https:\/\/www.networkadvertising.org\/managing\/opt_out.asp) tov\u00e1bbi k\u00fcls\u0151 szolg\u00e1ltat\u00f3k cookie-jait is letilthatja. A Weboldalon a Facebook \u00fan. tetszik-gombjai (like-gombok) el\u00e9rhet\u0151ek. Ezek a gombok szint\u00e9n helyeznek el cookie-kat a l\u00e1togat\u00f3 b\u00f6ng\u00e9sz\u0151j\u00e9ben. A Facebook adatkezel\u00e9si ir\u00e1nyelveir\u0151l a https:\/\/www.facebook.com\/about\/privacy\/ weboldalon lehet r\u00e9szletesen t\u00e1j\u00e9koz\u00f3dni. A Weboldal a Facebook \u00fan. konverzi\u00f3k\u00f6vet\u0151 pixel\u00e9t haszn\u00e1lja a Facebook hirdet\u00e9sek hat\u00e9konys\u00e1g\u00e1nak m\u00e9r\u00e9s\u00e9re. A konverzi\u00f3k\u00f6vet\u00e9s sor\u00e1n a l\u00e1togat\u00f3 szem\u00e9lyes adatai nem ker\u00fclnek r\u00f6gz\u00edt\u00e9sre. A Google \u00e9s Facebook cookie-k tilt\u00e1sa nem befoly\u00e1solja a v\u00e1s\u00e1rl\u00e1st.<\/span><\/p>\n<p><br style=\"font-weight: 400;\" \/><\/p>\n<p>[\/et_pb_text][\/et_pb_column][\/et_pb_row][\/et_pb_section]<\/p>\n","protected":false},"excerpt":{"rendered":"<p>Adatv\u00e9delmi t\u00e1j\u00e9koztat\u00f3 1. \u00c1ltal\u00e1nos jogi k\u00f6zlem\u00e9ny Artificial Intelligence Business Consulting Kft. (tov\u00e1bbiakban: Adatkezel\u0151) mag\u00e1ra n\u00e9zve k\u00f6telez\u0151nek ismeri el jelen jogi k\u00f6zlem\u00e9ny tartalm\u00e1t. Az Adatkezel\u0151 \u00e9rt\u00e9kes\u00edt\u00e9si \u00e9s szolg\u00e1ltat\u00e1si tev\u00e9kenys\u00e9g\u00e9vel kapcsolatban kezeli a regisztr\u00e1lt felhaszn\u00e1l\u00f3k szem\u00e9lyes adatait, kiz\u00e1r\u00f3lag a megrendel\u00e9sek teljes\u00edt\u00e9s\u00e9nek c\u00e9lj\u00e1b\u00f3l, \u00e9s a teljes\u00edt\u00e9ssel kapcsolatos k\u00f6telezetts\u00e9ge (pl. sz\u00e1ml\u00e1z\u00e1s) \u00e9s a szolg\u00e1ltat\u00e1s biztos\u00edt\u00e1sa \u00e9rdek\u00e9ben. Csak olyan szem\u00e9lyes [&hellip;]<\/p>\n","protected":false},"author":1,"featured_media":0,"parent":0,"menu_order":0,"comment_status":"closed","ping_status":"closed","template":"","meta":{"_et_pb_use_builder":"on","_et_pb_old_content":"","_et_gb_content_width":"","footnotes":""},"class_list":["post-124","page","type-page","status-publish","hentry"],"yoast_head":"<!-- This site is optimized with the Yoast SEO plugin v20.12 - https:\/\/yoast.com\/wordpress\/plugins\/seo\/ -->\n<title>Adatv\u00e9delmi t\u00e1j\u00e9koztat\u00f3 - AI Business Consulting<\/title>\n<meta name=\"robots\" content=\"index, follow, max-snippet:-1, max-image-preview:large, max-video-preview:-1\" \/>\n<link rel=\"canonical\" href=\"https:\/\/aibusinessconsulting.hu\/index.php\/adatvedelmi-tajekoztato\/\" \/>\n<meta property=\"og:locale\" content=\"hu_HU\" \/>\n<meta property=\"og:type\" content=\"article\" \/>\n<meta property=\"og:title\" content=\"Adatv\u00e9delmi t\u00e1j\u00e9koztat\u00f3 - AI Business Consulting\" \/>\n<meta property=\"og:description\" content=\"Adatv\u00e9delmi t\u00e1j\u00e9koztat\u00f3 1. \u00c1ltal\u00e1nos jogi k\u00f6zlem\u00e9ny Artificial Intelligence Business Consulting Kft. (tov\u00e1bbiakban: Adatkezel\u0151) mag\u00e1ra n\u00e9zve k\u00f6telez\u0151nek ismeri el jelen jogi k\u00f6zlem\u00e9ny tartalm\u00e1t. Az Adatkezel\u0151 \u00e9rt\u00e9kes\u00edt\u00e9si \u00e9s szolg\u00e1ltat\u00e1si tev\u00e9kenys\u00e9g\u00e9vel kapcsolatban kezeli a regisztr\u00e1lt felhaszn\u00e1l\u00f3k szem\u00e9lyes adatait, kiz\u00e1r\u00f3lag a megrendel\u00e9sek teljes\u00edt\u00e9s\u00e9nek c\u00e9lj\u00e1b\u00f3l, \u00e9s a teljes\u00edt\u00e9ssel kapcsolatos k\u00f6telezetts\u00e9ge (pl. sz\u00e1ml\u00e1z\u00e1s) \u00e9s a szolg\u00e1ltat\u00e1s biztos\u00edt\u00e1sa \u00e9rdek\u00e9ben. Csak olyan szem\u00e9lyes [&hellip;]\" \/>\n<meta property=\"og:url\" content=\"https:\/\/aibusinessconsulting.hu\/index.php\/adatvedelmi-tajekoztato\/\" \/>\n<meta property=\"og:site_name\" content=\"AI Business Consulting\" \/>\n<meta property=\"article:publisher\" content=\"https:\/\/www.facebook.com\/aibusinessconsulting\" \/>\n<meta property=\"article:modified_time\" content=\"2023-08-01T19:54:58+00:00\" \/>\n<meta name=\"twitter:card\" content=\"summary_large_image\" \/>\n<script type=\"application\/ld+json\" class=\"yoast-schema-graph\">{\"@context\":\"https:\/\/schema.org\",\"@graph\":[{\"@type\":\"WebPage\",\"@id\":\"https:\/\/aibusinessconsulting.hu\/index.php\/adatvedelmi-tajekoztato\/\",\"url\":\"https:\/\/aibusinessconsulting.hu\/index.php\/adatvedelmi-tajekoztato\/\",\"name\":\"Adatv\u00e9delmi t\u00e1j\u00e9koztat\u00f3 - AI Business Consulting\",\"isPartOf\":{\"@id\":\"https:\/\/aibusinessconsulting.hu\/#website\"},\"datePublished\":\"2023-08-01T19:52:04+00:00\",\"dateModified\":\"2023-08-01T19:54:58+00:00\",\"breadcrumb\":{\"@id\":\"https:\/\/aibusinessconsulting.hu\/index.php\/adatvedelmi-tajekoztato\/#breadcrumb\"},\"inLanguage\":\"hu\",\"potentialAction\":[{\"@type\":\"ReadAction\",\"target\":[\"https:\/\/aibusinessconsulting.hu\/index.php\/adatvedelmi-tajekoztato\/\"]}]},{\"@type\":\"BreadcrumbList\",\"@id\":\"https:\/\/aibusinessconsulting.hu\/index.php\/adatvedelmi-tajekoztato\/#breadcrumb\",\"itemListElement\":[{\"@type\":\"ListItem\",\"position\":1,\"name\":\"Kezd\u0151lap\",\"item\":\"https:\/\/aibusinessconsulting.hu\/\"},{\"@type\":\"ListItem\",\"position\":2,\"name\":\"Adatv\u00e9delmi t\u00e1j\u00e9koztat\u00f3\"}]},{\"@type\":\"WebSite\",\"@id\":\"https:\/\/aibusinessconsulting.hu\/#website\",\"url\":\"https:\/\/aibusinessconsulting.hu\/\",\"name\":\"AI Business Consulting\",\"description\":\"Megold\u00e1sok AI-ban, eredm\u00e9nyek a val\u00f3s vil\u00e1gban\",\"publisher\":{\"@id\":\"https:\/\/aibusinessconsulting.hu\/#organization\"},\"potentialAction\":[{\"@type\":\"SearchAction\",\"target\":{\"@type\":\"EntryPoint\",\"urlTemplate\":\"https:\/\/aibusinessconsulting.hu\/?s={search_term_string}\"},\"query-input\":\"required name=search_term_string\"}],\"inLanguage\":\"hu\"},{\"@type\":\"Organization\",\"@id\":\"https:\/\/aibusinessconsulting.hu\/#organization\",\"name\":\"AI Business Consulting Kft.\",\"url\":\"https:\/\/aibusinessconsulting.hu\/\",\"logo\":{\"@type\":\"ImageObject\",\"inLanguage\":\"hu\",\"@id\":\"https:\/\/aibusinessconsulting.hu\/#\/schema\/logo\/image\/\",\"url\":\"https:\/\/aibusinessconsulting.hu\/wp-content\/uploads\/2023\/07\/cropped-A.I.-Business-Consulting-Logo-1500x1500-1.png\",\"contentUrl\":\"https:\/\/aibusinessconsulting.hu\/wp-content\/uploads\/2023\/07\/cropped-A.I.-Business-Consulting-Logo-1500x1500-1.png\",\"width\":512,\"height\":512,\"caption\":\"AI Business Consulting Kft.\"},\"image\":{\"@id\":\"https:\/\/aibusinessconsulting.hu\/#\/schema\/logo\/image\/\"},\"sameAs\":[\"https:\/\/www.facebook.com\/aibusinessconsulting\"]}]}<\/script>\n<!-- \/ Yoast SEO plugin. -->","yoast_head_json":{"title":"Adatv\u00e9delmi t\u00e1j\u00e9koztat\u00f3 - AI Business Consulting","robots":{"index":"index","follow":"follow","max-snippet":"max-snippet:-1","max-image-preview":"max-image-preview:large","max-video-preview":"max-video-preview:-1"},"canonical":"https:\/\/aibusinessconsulting.hu\/index.php\/adatvedelmi-tajekoztato\/","og_locale":"hu_HU","og_type":"article","og_title":"Adatv\u00e9delmi t\u00e1j\u00e9koztat\u00f3 - AI Business Consulting","og_description":"Adatv\u00e9delmi t\u00e1j\u00e9koztat\u00f3 1. \u00c1ltal\u00e1nos jogi k\u00f6zlem\u00e9ny Artificial Intelligence Business Consulting Kft. (tov\u00e1bbiakban: Adatkezel\u0151) mag\u00e1ra n\u00e9zve k\u00f6telez\u0151nek ismeri el jelen jogi k\u00f6zlem\u00e9ny tartalm\u00e1t. Az Adatkezel\u0151 \u00e9rt\u00e9kes\u00edt\u00e9si \u00e9s szolg\u00e1ltat\u00e1si tev\u00e9kenys\u00e9g\u00e9vel kapcsolatban kezeli a regisztr\u00e1lt felhaszn\u00e1l\u00f3k szem\u00e9lyes adatait, kiz\u00e1r\u00f3lag a megrendel\u00e9sek teljes\u00edt\u00e9s\u00e9nek c\u00e9lj\u00e1b\u00f3l, \u00e9s a teljes\u00edt\u00e9ssel kapcsolatos k\u00f6telezetts\u00e9ge (pl. sz\u00e1ml\u00e1z\u00e1s) \u00e9s a szolg\u00e1ltat\u00e1s biztos\u00edt\u00e1sa \u00e9rdek\u00e9ben. Csak olyan szem\u00e9lyes [&hellip;]","og_url":"https:\/\/aibusinessconsulting.hu\/index.php\/adatvedelmi-tajekoztato\/","og_site_name":"AI Business Consulting","article_publisher":"https:\/\/www.facebook.com\/aibusinessconsulting","article_modified_time":"2023-08-01T19:54:58+00:00","twitter_card":"summary_large_image","schema":{"@context":"https:\/\/schema.org","@graph":[{"@type":"WebPage","@id":"https:\/\/aibusinessconsulting.hu\/index.php\/adatvedelmi-tajekoztato\/","url":"https:\/\/aibusinessconsulting.hu\/index.php\/adatvedelmi-tajekoztato\/","name":"Adatv\u00e9delmi t\u00e1j\u00e9koztat\u00f3 - AI Business Consulting","isPartOf":{"@id":"https:\/\/aibusinessconsulting.hu\/#website"},"datePublished":"2023-08-01T19:52:04+00:00","dateModified":"2023-08-01T19:54:58+00:00","breadcrumb":{"@id":"https:\/\/aibusinessconsulting.hu\/index.php\/adatvedelmi-tajekoztato\/#breadcrumb"},"inLanguage":"hu","potentialAction":[{"@type":"ReadAction","target":["https:\/\/aibusinessconsulting.hu\/index.php\/adatvedelmi-tajekoztato\/"]}]},{"@type":"BreadcrumbList","@id":"https:\/\/aibusinessconsulting.hu\/index.php\/adatvedelmi-tajekoztato\/#breadcrumb","itemListElement":[{"@type":"ListItem","position":1,"name":"Kezd\u0151lap","item":"https:\/\/aibusinessconsulting.hu\/"},{"@type":"ListItem","position":2,"name":"Adatv\u00e9delmi t\u00e1j\u00e9koztat\u00f3"}]},{"@type":"WebSite","@id":"https:\/\/aibusinessconsulting.hu\/#website","url":"https:\/\/aibusinessconsulting.hu\/","name":"AI Business Consulting","description":"Megold\u00e1sok AI-ban, eredm\u00e9nyek a val\u00f3s vil\u00e1gban","publisher":{"@id":"https:\/\/aibusinessconsulting.hu\/#organization"},"potentialAction":[{"@type":"SearchAction","target":{"@type":"EntryPoint","urlTemplate":"https:\/\/aibusinessconsulting.hu\/?s={search_term_string}"},"query-input":"required name=search_term_string"}],"inLanguage":"hu"},{"@type":"Organization","@id":"https:\/\/aibusinessconsulting.hu\/#organization","name":"AI Business Consulting Kft.","url":"https:\/\/aibusinessconsulting.hu\/","logo":{"@type":"ImageObject","inLanguage":"hu","@id":"https:\/\/aibusinessconsulting.hu\/#\/schema\/logo\/image\/","url":"https:\/\/aibusinessconsulting.hu\/wp-content\/uploads\/2023\/07\/cropped-A.I.-Business-Consulting-Logo-1500x1500-1.png","contentUrl":"https:\/\/aibusinessconsulting.hu\/wp-content\/uploads\/2023\/07\/cropped-A.I.-Business-Consulting-Logo-1500x1500-1.png","width":512,"height":512,"caption":"AI Business Consulting Kft."},"image":{"@id":"https:\/\/aibusinessconsulting.hu\/#\/schema\/logo\/image\/"},"sameAs":["https:\/\/www.facebook.com\/aibusinessconsulting"]}]}},"_links":{"self":[{"href":"https:\/\/aibusinessconsulting.hu\/index.php\/wp-json\/wp\/v2\/pages\/124","targetHints":{"allow":["GET"]}}],"collection":[{"href":"https:\/\/aibusinessconsulting.hu\/index.php\/wp-json\/wp\/v2\/pages"}],"about":[{"href":"https:\/\/aibusinessconsulting.hu\/index.php\/wp-json\/wp\/v2\/types\/page"}],"author":[{"embeddable":true,"href":"https:\/\/aibusinessconsulting.hu\/index.php\/wp-json\/wp\/v2\/users\/1"}],"replies":[{"embeddable":true,"href":"https:\/\/aibusinessconsulting.hu\/index.php\/wp-json\/wp\/v2\/comments?post=124"}],"version-history":[{"count":2,"href":"https:\/\/aibusinessconsulting.hu\/index.php\/wp-json\/wp\/v2\/pages\/124\/revisions"}],"predecessor-version":[{"id":127,"href":"https:\/\/aibusinessconsulting.hu\/index.php\/wp-json\/wp\/v2\/pages\/124\/revisions\/127"}],"wp:attachment":[{"href":"https:\/\/aibusinessconsulting.hu\/index.php\/wp-json\/wp\/v2\/media?parent=124"}],"curies":[{"name":"wp","href":"https:\/\/api.w.org\/{rel}","templated":true}]}}